{"id":2503,"date":"2025-12-16T20:39:44","date_gmt":"2025-12-16T20:39:44","guid":{"rendered":"https:\/\/ieslasalle.edu.pe\/?page_id=2503"},"modified":"2026-01-08T19:57:07","modified_gmt":"2026-01-08T19:57:07","slug":"autoridades","status":"publish","type":"page","link":"https:\/\/ieslasalle.edu.pe\/?page_id=2503","title":{"rendered":"Autoridades \u2013 Plana jer\u00e1rquica"},"content":{"rendered":"\n<div class=\"wp-block-group is-layout-constrained wp-container-core-group-is-layout-20bea09b wp-block-group-is-layout-constrained\" style=\"padding-top:0;padding-right:0;padding-bottom:0;padding-left:0\">\n<div class=\"wp-block-cover alignfull is-light has-background\" style=\"background-color:#002147;min-height:400px;aspect-ratio:unset;\"><img fetchpriority=\"high\" decoding=\"async\" width=\"1024\" height=\"683\" class=\"wp-block-cover__image-background wp-image-3019 size-large\" alt=\"\" src=\"https:\/\/ieslasalle.edu.pe\/wp-content\/uploads\/2026\/01\/PLANA-DOCENTE-SALLE-SENTADOS-1024x683.jpg\" style=\"object-position:43% 75%\" data-object-fit=\"cover\" data-object-position=\"43% 75%\" srcset=\"https:\/\/ieslasalle.edu.pe\/wp-content\/uploads\/2026\/01\/PLANA-DOCENTE-SALLE-SENTADOS-1024x683.jpg 1024w, https:\/\/ieslasalle.edu.pe\/wp-content\/uploads\/2026\/01\/PLANA-DOCENTE-SALLE-SENTADOS-300x200.jpg 300w, https:\/\/ieslasalle.edu.pe\/wp-content\/uploads\/2026\/01\/PLANA-DOCENTE-SALLE-SENTADOS-768x512.jpg 768w, https:\/\/ieslasalle.edu.pe\/wp-content\/uploads\/2026\/01\/PLANA-DOCENTE-SALLE-SENTADOS-1536x1024.jpg 1536w, https:\/\/ieslasalle.edu.pe\/wp-content\/uploads\/2026\/01\/PLANA-DOCENTE-SALLE-SENTADOS-2048x1365.jpg 2048w, https:\/\/ieslasalle.edu.pe\/wp-content\/uploads\/2026\/01\/PLANA-DOCENTE-SALLE-SENTADOS-770x513.jpg 770w\" sizes=\"(max-width: 1024px) 100vw, 1024px\" \/><span aria-hidden=\"true\" class=\"wp-block-cover__background has-background-dim-70 has-background-dim\" style=\"background-color:#9699a5\"><\/span><div class=\"wp-block-cover__inner-container is-layout-flow wp-block-cover-is-layout-flow\">\n<div class=\"wp-block-group is-layout-constrained wp-container-core-group-is-layout-fe631792 wp-block-group-is-layout-constrained\" style=\"padding-top:40px;padding-right:20px;padding-bottom:40px;padding-left:20px\">\n<h1 class=\"wp-block-heading has-text-align-center has-text-color\" style=\"color:#ffffff;font-size:48px;letter-spacing:1px;line-height:1.1;text-transform:uppercase\">Autoridades Institucionales<\/h1>\n\n\n\n<p class=\"has-text-align-center has-text-color wp-block-paragraph\" style=\"color:#f0f0f0;font-size:20px;font-style:italic\">Liderazgo comprometido con la excelencia educativa.<\/p>\n\n\n\n<hr class=\"wp-block-separator has-text-color has-alpha-channel-opacity has-background is-style-wide\" style=\"background-color:#ce1126;color:#ce1126\"\/>\n<\/div>\n<\/div><\/div>\n\n\n\n<div class=\"wp-block-group is-layout-constrained wp-container-core-group-is-layout-bdcd74f8 wp-block-group-is-layout-constrained\" style=\"padding-top:80px;padding-right:20px;padding-bottom:60px;padding-left:20px\">\n<div class=\"wp-block-columns are-vertically-aligned-center has-border-color is-layout-flex wp-container-core-columns-is-layout-1f7f0bf5 wp-block-columns-is-layout-flex\" style=\"border-color:#e0e0e0;border-style:solid;border-width:1px;box-shadow:0 10px 30px rgba(0,0,0,0.08)\">\n<div class=\"wp-block-column is-vertically-aligned-center is-layout-flow wp-block-column-is-layout-flow\" style=\"padding-top:0;padding-right:0;padding-bottom:0;padding-left:0;flex-basis:40%\">\n<figure class=\"wp-block-image size-full has-custom-border\"><img decoding=\"async\" width=\"1024\" height=\"501\" src=\"https:\/\/ieslasalle.edu.pe\/wp-content\/uploads\/2025\/12\/2.-imagen-principal-4.jpg\" alt=\"\" class=\"wp-image-2790\" style=\"border-radius:0px\" srcset=\"https:\/\/ieslasalle.edu.pe\/wp-content\/uploads\/2025\/12\/2.-imagen-principal-4.jpg 1024w, https:\/\/ieslasalle.edu.pe\/wp-content\/uploads\/2025\/12\/2.-imagen-principal-4-300x147.jpg 300w, https:\/\/ieslasalle.edu.pe\/wp-content\/uploads\/2025\/12\/2.-imagen-principal-4-768x376.jpg 768w, https:\/\/ieslasalle.edu.pe\/wp-content\/uploads\/2025\/12\/2.-imagen-principal-4-770x377.jpg 770w\" sizes=\"(max-width: 1024px) 100vw, 1024px\" \/><\/figure>\n<\/div>\n\n\n\n<div class=\"wp-block-column is-vertically-aligned-center is-layout-flow wp-block-column-is-layout-flow\" style=\"padding-top:40px;padding-right:40px;padding-bottom:40px;padding-left:40px;flex-basis:60%\">\n<h4 class=\"wp-block-heading has-text-color\" style=\"color:#ce1126;letter-spacing:2px;text-transform:uppercase\">Direcci\u00f3n General<\/h4>\n\n\n\n<h2 class=\"wp-block-heading has-text-color\" style=\"color:#002147;font-size:36px\">Hno Cosme Valent\u00edn Zambrano Mora<\/h2>\n\n\n\n<p class=\"wp-block-paragraph\"><strong>Profesi\u00f3n:<\/strong> Docente<br>\u2709\ufe0f <a href=\"mailto:sjbdirector7@outlook.com\">Cosmechas@gmail.com<\/a><\/p>\n\n\n\n<div class=\"wp-block-buttons is-layout-flex wp-block-buttons-is-layout-flex\">\n<div class=\"wp-block-button is-style-outline is-style-outline--1\"><a class=\"wp-block-button__link has-text-color has-border-color wp-element-button\" href=\"#\" style=\"border-color:#002147;color:#002147\">\ud83d\udcc4 Ver Hoja de Vida<\/a><\/div>\n<\/div>\n<\/div>\n<\/div>\n<\/div>\n\n\n\n<div class=\"wp-block-group has-background is-layout-constrained wp-container-core-group-is-layout-a828dc13 wp-block-group-is-layout-constrained\" style=\"background-color:#f4f6f8;padding-top:80px;padding-right:20px;padding-bottom:80px;padding-left:20px\">\n<h2 class=\"wp-block-heading has-text-align-center has-text-color\" style=\"color:#002147;text-transform:uppercase\">Gesti\u00f3n Administrativa y Acad\u00e9mica<\/h2>\n\n\n\n<div style=\"height:40px\" aria-hidden=\"true\" class=\"wp-block-spacer\"><\/div>\n\n\n\n<div class=\"wp-block-columns is-layout-flex wp-container-core-columns-is-layout-79e51ec3 wp-block-columns-is-layout-flex\">\n<div class=\"wp-block-column has-background is-layout-flow wp-block-column-is-layout-flow\" style=\"border-top-color:#00509d;border-top-width:4px;background-color:#ffffff;padding-top:30px;padding-right:20px;padding-bottom:30px;padding-left:20px;box-shadow:0 4px 10px rgba(0,0,0,0.05)\">\n<figure class=\"wp-block-image aligncenter size-full has-custom-border is-resized\"><img decoding=\"async\" src=\"https:\/\/ieslasalle.edu.pe\/wp-content\/uploads\/2025\/01\/avatar-placeholder.jpg\" alt=\"Lic. Celina Masias\" class=\"wp-image-3\" style=\"border-radius:100px;object-fit:cover\"\/><\/figure>\n\n\n\n<h3 class=\"wp-block-heading has-text-align-center has-text-color\" style=\"color:#002147;font-size:20px\">Lic. Celina Masias Santos<\/h3>\n\n\n\n<p class=\"has-text-align-center has-text-color wp-block-paragraph\" style=\"color:#ce1126;font-size:14px;text-transform:uppercase\"><strong>Administradora<\/strong><\/p>\n\n\n\n<p class=\"has-text-align-center wp-block-paragraph\"><p class=\"has-text-align-center\" style=\"font-size:13px\">Contador P\u00fablico<br>\u2709\ufe0f celinams@lasalleurubamba.edu.pe<\/p><\/p>\n\n\n\n<div class=\"wp-block-buttons is-content-justification-center is-layout-flex wp-container-core-buttons-is-layout-fe48e5de wp-block-buttons-is-layout-flex\">\n<div class=\"wp-block-button is-style-outline is-style-outline--2\"><a class=\"wp-block-button__link has-custom-font-size wp-element-button\" href=\"#\" style=\"font-size:13px\">Hoja de Vida<\/a><\/div>\n<\/div>\n<\/div>\n\n\n\n<div class=\"wp-block-column has-background is-layout-flow wp-block-column-is-layout-flow\" style=\"border-top-color:#00509d;border-top-width:4px;background-color:#ffffff;padding-top:30px;padding-right:20px;padding-bottom:30px;padding-left:20px;box-shadow:0 4px 10px rgba(0,0,0,0.05)\">\n<figure class=\"wp-block-image aligncenter size-full has-custom-border is-resized\"><img decoding=\"async\" src=\"https:\/\/ieslasalle.edu.pe\/wp-content\/uploads\/2025\/01\/avatar-placeholder.jpg\" alt=\"Chef. Roc\u00edo Florez\" class=\"wp-image-4\" style=\"border-radius:100px;object-fit:cover\"\/><\/figure>\n\n\n\n<h3 class=\"wp-block-heading has-text-align-center has-text-color\" style=\"color:#002147;font-size:20px\">Chef. Roc\u00edo Florez C\u00e1mara<\/h3>\n\n\n\n<p class=\"has-text-align-center has-text-color wp-block-paragraph\" style=\"color:#ce1126;font-size:14px;text-transform:uppercase\"><strong>Secretar\u00eda Acad\u00e9mica<\/strong><\/p>\n\n\n\n<p class=\"has-text-align-center wp-block-paragraph\"><p class=\"has-text-align-center\" style=\"font-size:13px\">Educaci\u00f3n Primaria<br>\u2709\ufe0f (Correo Institucional)<\/p><\/p>\n\n\n\n<div class=\"wp-block-buttons is-content-justification-center is-layout-flex wp-container-core-buttons-is-layout-fe48e5de wp-block-buttons-is-layout-flex\">\n<div class=\"wp-block-button is-style-outline is-style-outline--3\"><a class=\"wp-block-button__link has-custom-font-size wp-element-button\" href=\"#\" style=\"font-size:13px\">Hoja de Vida<\/a><\/div>\n<\/div>\n<\/div>\n\n\n\n<div class=\"wp-block-column has-background is-layout-flow wp-block-column-is-layout-flow\" style=\"border-top-color:#00509d;border-top-width:4px;background-color:#ffffff;padding-top:30px;padding-right:20px;padding-bottom:30px;padding-left:20px;box-shadow:0 4px 10px rgba(0,0,0,0.05)\">\n<figure class=\"wp-block-image aligncenter size-full has-custom-border is-resized\"><img decoding=\"async\" src=\"https:\/\/ieslasalle.edu.pe\/wp-content\/uploads\/2025\/01\/avatar-placeholder.jpg\" alt=\"Walther Ccorahua\" class=\"wp-image-5\" style=\"border-radius:100px;object-fit:cover\"\/><\/figure>\n\n\n\n<h3 class=\"wp-block-heading has-text-align-center has-text-color\" style=\"color:#002147;font-size:20px\">Walther Ccorahua Hancco<\/h3>\n\n\n\n<p class=\"has-text-align-center has-text-color wp-block-paragraph\" style=\"color:#ce1126;font-size:14px;text-transform:uppercase\"><strong>Jefe de Unidad Acad\u00e9mica<\/strong><\/p>\n\n\n\n<p class=\"has-text-align-center wp-block-paragraph\"><p class=\"has-text-align-center\" style=\"font-size:13px\">Ing. Zootecnista<br>\u2709\ufe0f waltherch@lasalleurubamba.edu.pe<\/p><\/p>\n\n\n\n<div class=\"wp-block-buttons is-content-justification-center is-layout-flex wp-container-core-buttons-is-layout-fe48e5de wp-block-buttons-is-layout-flex\">\n<div class=\"wp-block-button is-style-outline is-style-outline--4\"><a class=\"wp-block-button__link has-custom-font-size wp-element-button\" href=\"#\" style=\"font-size:13px\">Hoja de Vida<\/a><\/div>\n<\/div>\n<\/div>\n<\/div>\n<\/div>\n\n\n\n<div class=\"wp-block-group is-layout-constrained wp-container-core-group-is-layout-a828dc13 wp-block-group-is-layout-constrained\" style=\"padding-top:80px;padding-right:20px;padding-bottom:80px;padding-left:20px\">\n<h2 class=\"wp-block-heading has-text-align-center has-text-color\" style=\"color:#002147;text-transform:uppercase\">Jefes de \u00c1rea Acad\u00e9mica<\/h2>\n\n\n\n<div style=\"height:40px\" aria-hidden=\"true\" class=\"wp-block-spacer\"><\/div>\n\n\n\n<div class=\"wp-block-columns is-layout-flex wp-container-core-columns-is-layout-79e51ec3 wp-block-columns-is-layout-flex\">\n<div class=\"wp-block-column has-border-color is-layout-flow wp-block-column-is-layout-flow\" style=\"border-color:#e0e0e0;border-style:solid;border-width:1px;padding-top:20px;padding-right:20px;padding-bottom:20px;padding-left:20px\">\n<h4 class=\"wp-block-heading has-text-align-center has-text-color\" style=\"color:#002147\">Ing. Alex Huillca Huam\u00e1n<\/h4>\n\n\n\n<p class=\"has-text-align-center has-text-color wp-block-paragraph\" style=\"color:#ce1126\"><p class=\"has-text-align-center has-text-color\" style=\"color:#ce1126;font-size:14px\"><strong>Jefe de \u00c1rea<\/strong><\/p><\/p>\n\n\n\n<p class=\"has-text-align-center wp-block-paragraph\"><p class=\"has-text-align-center\" style=\"font-size:12px\">Ing. Inform\u00e1tico y de Sistemas<br>\u2709\ufe0f ahuillca@lasalleurubamba.edu.pe<\/p><\/p>\n\n\n\n<div class=\"wp-block-buttons is-content-justification-center is-layout-flex wp-container-core-buttons-is-layout-fe48e5de wp-block-buttons-is-layout-flex\">\n<div class=\"wp-block-button is-style-outline is-style-outline--5\"><a class=\"wp-block-button__link has-custom-font-size wp-element-button\" href=\"#\" style=\"font-size:12px\">Hoja de Vida<\/a><\/div>\n<\/div>\n<\/div>\n\n\n\n<div class=\"wp-block-column has-border-color is-layout-flow wp-block-column-is-layout-flow\" style=\"border-color:#e0e0e0;border-style:solid;border-width:1px;padding-top:20px;padding-right:20px;padding-bottom:20px;padding-left:20px\">\n<h4 class=\"wp-block-heading has-text-align-center has-text-color\" style=\"color:#002147\">Ing. Hermita\u00f1o Atausinche<\/h4>\n\n\n\n<p class=\"has-text-align-center has-text-color wp-block-paragraph\" style=\"color:#ce1126\"><p class=\"has-text-align-center has-text-color\" style=\"color:#ce1126;font-size:14px\"><strong>Jefe de \u00c1rea<\/strong><\/p><\/p>\n\n\n\n<p class=\"has-text-align-center wp-block-paragraph\"><p class=\"has-text-align-center\" style=\"font-size:12px\">Ing. Agr\u00f3nomo<br>\u2709\ufe0f hermitanoar@lasalleurubamba.edu.gob<\/p><\/p>\n\n\n\n<div class=\"wp-block-buttons is-content-justification-center is-layout-flex wp-container-core-buttons-is-layout-fe48e5de wp-block-buttons-is-layout-flex\">\n<div class=\"wp-block-button is-style-outline is-style-outline--6\"><a class=\"wp-block-button__link has-custom-font-size wp-element-button\" href=\"#\" style=\"font-size:12px\">Hoja de Vida<\/a><\/div>\n<\/div>\n<\/div>\n\n\n\n<div class=\"wp-block-column has-border-color is-layout-flow wp-block-column-is-layout-flow\" style=\"border-color:#e0e0e0;border-style:solid;border-width:1px;padding-top:20px;padding-right:20px;padding-bottom:20px;padding-left:20px\">\n<h4 class=\"wp-block-heading has-text-align-center has-text-color\" style=\"color:#002147\">Lic. Anggela Ortiz Dorado<\/h4>\n\n\n\n<p class=\"has-text-align-center has-text-color wp-block-paragraph\" style=\"color:#ce1126\"><p class=\"has-text-align-center has-text-color\" style=\"color:#ce1126;font-size:14px\"><strong>Jefe de \u00c1rea<\/strong><\/p><\/p>\n\n\n\n<p class=\"has-text-align-center wp-block-paragraph\"><p class=\"has-text-align-center\" style=\"font-size:12px\">Contador P\u00fablico, Gu\u00eda de Turismo<br>\u2709\ufe0f anggelaod@lasalleurubamba.edu.pe<\/p><\/p>\n\n\n\n<div class=\"wp-block-buttons is-content-justification-center is-layout-flex wp-container-core-buttons-is-layout-fe48e5de wp-block-buttons-is-layout-flex\">\n<div class=\"wp-block-button is-style-outline is-style-outline--7\"><a class=\"wp-block-button__link has-custom-font-size wp-element-button\" href=\"#\" style=\"font-size:12px\">Hoja de Vida<\/a><\/div>\n<\/div>\n<\/div>\n<\/div>\n\n\n\n<div class=\"wp-block-columns is-layout-flex wp-container-core-columns-is-layout-bfa3f59c wp-block-columns-is-layout-flex\" style=\"margin-top:30px\">\n<div class=\"wp-block-column has-border-color is-layout-flow wp-block-column-is-layout-flow\" style=\"border-color:#e0e0e0;border-style:solid;border-width:1px;padding-top:20px;padding-right:20px;padding-bottom:20px;padding-left:20px\">\n<h4 class=\"wp-block-heading has-text-align-center has-text-color\" style=\"color:#002147\">Ing. Jos\u00e9 M. Portugal Garc\u00eda<\/h4>\n\n\n\n<p class=\"has-text-align-center has-text-color wp-block-paragraph\" style=\"color:#ce1126\"><p class=\"has-text-align-center has-text-color\" style=\"color:#ce1126;font-size:14px\"><strong>Jefe de \u00c1rea<\/strong><\/p><\/p>\n\n\n\n<p class=\"has-text-align-center wp-block-paragraph\"><p class=\"has-text-align-center\" style=\"font-size:12px\">Ing. en Industrias Alimentarias<br>\u2709\ufe0f josemanuelpg@lasalleurubamba.edu.pe<\/p><\/p>\n\n\n\n<div class=\"wp-block-buttons is-content-justification-center is-layout-flex wp-container-core-buttons-is-layout-fe48e5de wp-block-buttons-is-layout-flex\">\n<div class=\"wp-block-button is-style-outline is-style-outline--8\"><a class=\"wp-block-button__link has-custom-font-size wp-element-button\" href=\"#\" style=\"font-size:12px\">Hoja de Vida<\/a><\/div>\n<\/div>\n<\/div>\n\n\n\n<div class=\"wp-block-column has-border-color is-layout-flow wp-block-column-is-layout-flow\" style=\"border-color:#e0e0e0;border-style:solid;border-width:1px;padding-top:20px;padding-right:20px;padding-bottom:20px;padding-left:20px\">\n<h4 class=\"wp-block-heading has-text-align-center has-text-color\" style=\"color:#002147\">C.P.C. Tania Rado Zuniga<\/h4>\n\n\n\n<p class=\"has-text-align-center has-text-color wp-block-paragraph\" style=\"color:#ce1126\"><p class=\"has-text-align-center has-text-color\" style=\"color:#ce1126;font-size:14px\"><strong>Jefe de \u00c1rea<\/strong><\/p><\/p>\n\n\n\n<p class=\"has-text-align-center wp-block-paragraph\"><p class=\"has-text-align-center\" style=\"font-size:12px\">Contador P\u00fablico<br>\u2709\ufe0f (Correo Institucional)<\/p><\/p>\n\n\n\n<div class=\"wp-block-buttons is-content-justification-center is-layout-flex wp-container-core-buttons-is-layout-fe48e5de wp-block-buttons-is-layout-flex\">\n<div class=\"wp-block-button is-style-outline is-style-outline--9\"><a class=\"wp-block-button__link has-custom-font-size wp-element-button\" href=\"#\" style=\"font-size:12px\">Hoja de Vida<\/a><\/div>\n<\/div>\n<\/div>\n\n\n\n<div class=\"wp-block-column is-layout-flow wp-block-column-is-layout-flow\"><\/div>\n<\/div>\n\n\n\n<figure class=\"wp-block-image size-full\"><img decoding=\"async\" width=\"969\" height=\"501\" src=\"https:\/\/ieslasalle.edu.pe\/wp-content\/uploads\/2025\/12\/3.-portada-1.jpg\" alt=\"\" class=\"wp-image-2651\" srcset=\"https:\/\/ieslasalle.edu.pe\/wp-content\/uploads\/2025\/12\/3.-portada-1.jpg 969w, https:\/\/ieslasalle.edu.pe\/wp-content\/uploads\/2025\/12\/3.-portada-1-300x155.jpg 300w, https:\/\/ieslasalle.edu.pe\/wp-content\/uploads\/2025\/12\/3.-portada-1-768x397.jpg 768w, https:\/\/ieslasalle.edu.pe\/wp-content\/uploads\/2025\/12\/3.-portada-1-770x398.jpg 770w\" sizes=\"(max-width: 969px) 100vw, 969px\" \/><\/figure>\n<\/div>\n<\/div>\n","protected":false},"excerpt":{"rendered":"<p>Direcci\u00f3n General Hno Cosme Valent\u00edn Zambrano Mora Profesi\u00f3n: Docente\u2709\ufe0f Cosmechas@gmail.com Gesti\u00f3n Administrativa y Acad\u00e9mica Lic. Celina Masias Santos Administradora Contador P\u00fablico\u2709\ufe0f celinams@lasalleurubamba.edu.pe Chef. Roc\u00edo Florez C\u00e1mara Secretar\u00eda Acad\u00e9mica Educaci\u00f3n Primaria\u2709\ufe0f (Correo Institucional) Walther Ccorahua Hancco Jefe de Unidad Acad\u00e9mica Ing. Zootecnista\u2709\ufe0f waltherch@lasalleurubamba.edu.pe Jefes de \u00c1rea Acad\u00e9mica Ing. Alex Huillca Huam\u00e1n Jefe de \u00c1rea Ing. Inform\u00e1tico y de Sistemas\u2709\ufe0f ahuillca@lasalleurubamba.edu.pe Ing. Hermita\u00f1o Atausinche Jefe de \u00c1rea Ing. Agr\u00f3nomo\u2709\ufe0f hermitanoar@lasalleurubamba.edu.gob Lic. Anggela[&hellip;]<\/p>\n","protected":false},"author":1,"featured_media":2690,"parent":0,"menu_order":0,"comment_status":"closed","ping_status":"closed","template":"","meta":{"footnotes":""},"class_list":["post-2503","page","type-page","status-publish","has-post-thumbnail","hentry"],"_links":{"self":[{"href":"https:\/\/ieslasalle.edu.pe\/index.php?rest_route=\/wp\/v2\/pages\/2503","targetHints":{"allow":["GET"]}}],"collection":[{"href":"https:\/\/ieslasalle.edu.pe\/index.php?rest_route=\/wp\/v2\/pages"}],"about":[{"href":"https:\/\/ieslasalle.edu.pe\/index.php?rest_route=\/wp\/v2\/types\/page"}],"author":[{"embeddable":true,"href":"https:\/\/ieslasalle.edu.pe\/index.php?rest_route=\/wp\/v2\/users\/1"}],"replies":[{"embeddable":true,"href":"https:\/\/ieslasalle.edu.pe\/index.php?rest_route=%2Fwp%2Fv2%2Fcomments&post=2503"}],"version-history":[{"count":8,"href":"https:\/\/ieslasalle.edu.pe\/index.php?rest_route=\/wp\/v2\/pages\/2503\/revisions"}],"predecessor-version":[{"id":3068,"href":"https:\/\/ieslasalle.edu.pe\/index.php?rest_route=\/wp\/v2\/pages\/2503\/revisions\/3068"}],"wp:featuredmedia":[{"embeddable":true,"href":"https:\/\/ieslasalle.edu.pe\/index.php?rest_route=\/wp\/v2\/media\/2690"}],"wp:attachment":[{"href":"https:\/\/ieslasalle.edu.pe\/index.php?rest_route=%2Fwp%2Fv2%2Fmedia&parent=2503"}],"curies":[{"name":"wp","href":"https:\/\/api.w.org\/{rel}","templated":true}]}}