{"id":2502,"date":"2025-12-16T20:39:08","date_gmt":"2025-12-16T20:39:08","guid":{"rendered":"https:\/\/ieslasalle.edu.pe\/?page_id=2502"},"modified":"2025-12-22T16:58:02","modified_gmt":"2025-12-22T16:58:02","slug":"organizacion-institucional","status":"publish","type":"page","link":"https:\/\/ieslasalle.edu.pe\/?page_id=2502","title":{"rendered":"Organizaci\u00f3n Institucional"},"content":{"rendered":"\n<div class=\"wp-block-group is-layout-constrained wp-container-core-group-is-layout-20bea09b wp-block-group-is-layout-constrained\" style=\"padding-top:0;padding-right:0;padding-bottom:0;padding-left:0\">\n<div class=\"wp-block-cover alignfull is-light has-background\" style=\"background-color:#002147;min-height:450px;aspect-ratio:unset;\"><img fetchpriority=\"high\" decoding=\"async\" width=\"1024\" height=\"318\" class=\"wp-block-cover__image-background wp-image-2783 size-full\" alt=\"\" src=\"https:\/\/ieslasalle.edu.pe\/wp-content\/uploads\/2025\/12\/5-AGRONOMIA-INDUSTRIAS-ALIMENTARIAS-1.jpg\" data-object-fit=\"cover\" srcset=\"https:\/\/ieslasalle.edu.pe\/wp-content\/uploads\/2025\/12\/5-AGRONOMIA-INDUSTRIAS-ALIMENTARIAS-1.jpg 1024w, https:\/\/ieslasalle.edu.pe\/wp-content\/uploads\/2025\/12\/5-AGRONOMIA-INDUSTRIAS-ALIMENTARIAS-1-300x93.jpg 300w, https:\/\/ieslasalle.edu.pe\/wp-content\/uploads\/2025\/12\/5-AGRONOMIA-INDUSTRIAS-ALIMENTARIAS-1-768x239.jpg 768w, https:\/\/ieslasalle.edu.pe\/wp-content\/uploads\/2025\/12\/5-AGRONOMIA-INDUSTRIAS-ALIMENTARIAS-1-770x239.jpg 770w\" sizes=\"(max-width: 1024px) 100vw, 1024px\" \/><span aria-hidden=\"true\" class=\"wp-block-cover__background has-background-dim-70 has-background-dim\" style=\"background-color:#9a9292\"><\/span><div class=\"wp-block-cover__inner-container is-layout-flow wp-block-cover-is-layout-flow\">\n<div class=\"wp-block-group is-layout-constrained wp-container-core-group-is-layout-fe631792 wp-block-group-is-layout-constrained\" style=\"padding-top:40px;padding-right:20px;padding-bottom:40px;padding-left:20px\">\n<h1 class=\"wp-block-heading has-text-align-center has-text-color\" style=\"color:#ffffff;font-size:48px;letter-spacing:1px;line-height:1.1;text-transform:uppercase\">Organizaci\u00f3n Institucional<\/h1>\n\n\n\n<p class=\"has-text-align-center has-text-color wp-block-paragraph\" style=\"color:#f0f0f0;font-size:20px;font-style:italic\">Una estructura s\u00f3lida al servicio de la educaci\u00f3n t\u00e9cnica de calidad.<\/p>\n\n\n\n<hr class=\"wp-block-separator has-text-color has-alpha-channel-opacity has-background is-style-wide\" style=\"background-color:#ce1126;color:#ce1126\"\/>\n<\/div>\n<\/div><\/div>\n\n\n\n<div class=\"wp-block-group is-layout-constrained wp-container-core-group-is-layout-bdcd74f8 wp-block-group-is-layout-constrained\" style=\"padding-top:80px;padding-right:20px;padding-bottom:60px;padding-left:20px\">\n<figure class=\"wp-block-image aligncenter size-full\"><img decoding=\"async\" width=\"633\" height=\"562\" src=\"https:\/\/ieslasalle.edu.pe\/wp-content\/uploads\/2025\/12\/organigrama.jpeg\" alt=\"\" class=\"wp-image-2785\" srcset=\"https:\/\/ieslasalle.edu.pe\/wp-content\/uploads\/2025\/12\/organigrama.jpeg 633w, https:\/\/ieslasalle.edu.pe\/wp-content\/uploads\/2025\/12\/organigrama-300x266.jpeg 300w\" sizes=\"(max-width: 633px) 100vw, 633px\" \/><\/figure>\n\n\n\n<div class=\"wp-block-columns are-vertically-aligned-center is-layout-flex wp-container-core-columns-is-layout-1f7f0bf5 wp-block-columns-is-layout-flex\">\n<div class=\"wp-block-column is-layout-flow wp-block-column-is-layout-flow\" style=\"flex-basis:60%\">\n<h2 class=\"wp-block-heading has-text-color\" style=\"color:#002147\">Estructura Org\u00e1nica<\/h2>\n\n\n\n<p class=\"has-text-color wp-block-paragraph\" style=\"color:#555555;line-height:1.8\">El IES P\u00fablico La Salle cuenta con una organizaci\u00f3n jer\u00e1rquica y funcional dise\u00f1ada para garantizar el cumplimiento de nuestra misi\u00f3n educativa. Liderados por la <strong>Direcci\u00f3n General<\/strong> y respaldados por el <strong>Consejo Asesor<\/strong>, nuestras unidades operativas trabajan de manera articulada.<\/p>\n<\/div>\n\n\n\n<div class=\"wp-block-column is-layout-flow wp-block-column-is-layout-flow\" style=\"flex-basis:40%\">\n<div class=\"wp-block-group has-background is-layout-flow wp-block-group-is-layout-flow\" style=\"border-radius:10px;background-color:#f4f6f8;padding-top:30px;padding-right:30px;padding-bottom:30px;padding-left:30px\">\n<h4 class=\"wp-block-heading has-text-color\" style=\"color:#ce1126;text-transform:uppercase\">Documento Oficial<\/h4>\n\n\n\n<p class=\"wp-block-paragraph\"><p style=\"font-size:14px\">Visualiza el organigrama completo aprobado por la DRE Cusco.<\/p><\/p>\n\n\n\n<div class=\"wp-block-buttons is-layout-flex wp-block-buttons-is-layout-flex\">\n<div class=\"wp-block-button has-custom-width wp-block-button__width-100\"><a class=\"wp-block-button__link has-text-color has-background wp-element-button\" href=\"https:\/\/ieslasalle.edu.pe\/wp-content\/uploads\/2025\/12\/organigrama.pdf\" style=\"color:#ffffff;background-color:#002147\">\u2b07 Descargar Organigrama (PDF)<\/a><\/div>\n<\/div>\n<\/div>\n<\/div>\n<\/div>\n\n\n\n<figure class=\"wp-block-image size-full\"><img decoding=\"async\" width=\"1024\" height=\"501\" src=\"https:\/\/ieslasalle.edu.pe\/wp-content\/uploads\/2025\/12\/3.-portada-3.jpg\" alt=\"\" class=\"wp-image-2780\" srcset=\"https:\/\/ieslasalle.edu.pe\/wp-content\/uploads\/2025\/12\/3.-portada-3.jpg 1024w, https:\/\/ieslasalle.edu.pe\/wp-content\/uploads\/2025\/12\/3.-portada-3-300x147.jpg 300w, https:\/\/ieslasalle.edu.pe\/wp-content\/uploads\/2025\/12\/3.-portada-3-768x376.jpg 768w, https:\/\/ieslasalle.edu.pe\/wp-content\/uploads\/2025\/12\/3.-portada-3-770x377.jpg 770w\" sizes=\"(max-width: 1024px) 100vw, 1024px\" \/><\/figure>\n<\/div>\n\n\n\n<div class=\"wp-block-group has-background is-layout-constrained wp-container-core-group-is-layout-a828dc13 wp-block-group-is-layout-constrained\" style=\"background-color:#f4f6f8;padding-top:80px;padding-right:20px;padding-bottom:80px;padding-left:20px\">\n<h2 class=\"wp-block-heading has-text-align-center has-text-color\" style=\"color:#002147;text-transform:uppercase\">Unidades Funcionales<\/h2>\n\n\n\n<div style=\"height:40px\" aria-hidden=\"true\" class=\"wp-block-spacer\"><\/div>\n\n\n\n<div class=\"wp-block-columns is-layout-flex wp-container-core-columns-is-layout-79e51ec3 wp-block-columns-is-layout-flex\">\n<div class=\"wp-block-column has-background is-layout-flow wp-block-column-is-layout-flow\" style=\"border-top-color:#ce1126;border-top-width:4px;background-color:#ffffff;padding-top:40px;padding-right:30px;padding-bottom:40px;padding-left:30px;box-shadow:0 10px 30px rgba(0,0,0,0.05)\">\n<h1 class=\"wp-block-heading\">\ud83c\udf93<\/h1>\n\n\n\n<h3 class=\"wp-block-heading has-text-color\" style=\"color:#002147\">Unidad Acad\u00e9mica<\/h3>\n\n\n\n<p class=\"wp-block-paragraph\"><p style=\"font-size:15px\">Responsable de la planificaci\u00f3n y ejecuci\u00f3n de los procesos pedag\u00f3gicos.<\/p><\/p>\n\n\n\n<ul style=\"color:#555555;font-size:14px\" class=\"wp-block-list has-text-color\">\n<li>Secretar\u00eda Acad\u00e9mica<\/li>\n\n\n\n<li>Biblioteca<\/li>\n\n\n\n<li>Coordinaci\u00f3n de Formaci\u00f3n Continua<\/li>\n\n\n\n<li><strong>Coordinaciones de Programas de Estudio<\/strong><\/li>\n<\/ul>\n<\/div>\n\n\n\n<div class=\"wp-block-column has-background is-layout-flow wp-block-column-is-layout-flow\" style=\"border-top-color:#00509d;border-top-width:4px;background-color:#ffffff;padding-top:40px;padding-right:30px;padding-bottom:40px;padding-left:30px;box-shadow:0 10px 30px rgba(0,0,0,0.05)\">\n<h1 class=\"wp-block-heading\">\ud83d\udcbc<\/h1>\n\n\n\n<h3 class=\"wp-block-heading has-text-color\" style=\"color:#002147\">Unidad de Administraci\u00f3n<\/h3>\n\n\n\n<p class=\"wp-block-paragraph\"><p style=\"font-size:15px\">Gestiona los recursos humanos, financieros y materiales de la instituci\u00f3n.<\/p><\/p>\n\n\n\n<ul style=\"color:#555555;font-size:14px\" class=\"wp-block-list has-text-color\">\n<li>Contabilidad y Tesorer\u00eda<\/li>\n\n\n\n<li>Log\u00edstica y Almac\u00e9n<\/li>\n\n\n\n<li>Soporte T\u00e9cnico<\/li>\n\n\n\n<li>Mantenimiento (Herrer\u00eda, Carpinter\u00eda)<\/li>\n<\/ul>\n<\/div>\n\n\n\n<div class=\"wp-block-column has-background is-layout-flow wp-block-column-is-layout-flow\" style=\"border-top-color:#ce1126;border-top-width:4px;background-color:#ffffff;padding-top:40px;padding-right:30px;padding-bottom:40px;padding-left:30px;box-shadow:0 10px 30px rgba(0,0,0,0.05)\">\n<h1 class=\"wp-block-heading\">\ud83c\udf31<\/h1>\n\n\n\n<h3 class=\"wp-block-heading has-text-color\" style=\"color:#002147\">Bienestar y Empleabilidad<\/h3>\n\n\n\n<p class=\"wp-block-paragraph\"><p style=\"font-size:15px\">Vela por la salud, orientaci\u00f3n y futuro laboral de los estudiantes.<\/p><\/p>\n\n\n\n<ul style=\"color:#555555;font-size:14px\" class=\"wp-block-list has-text-color\">\n<li>Servicio M\u00e9dico (T\u00f3pico)<\/li>\n\n\n\n<li>Departamento Psicopedag\u00f3gico<\/li>\n\n\n\n<li>Bolsa de Trabajo<\/li>\n\n\n\n<li>Proyecci\u00f3n Social<\/li>\n<\/ul>\n<\/div>\n<\/div>\n\n\n\n<figure class=\"wp-block-image size-full\"><img loading=\"lazy\" decoding=\"async\" width=\"1024\" height=\"501\" src=\"https:\/\/ieslasalle.edu.pe\/wp-content\/uploads\/2025\/12\/2.-imagen-principal-3.jpg\" alt=\"\" class=\"wp-image-2781\" srcset=\"https:\/\/ieslasalle.edu.pe\/wp-content\/uploads\/2025\/12\/2.-imagen-principal-3.jpg 1024w, https:\/\/ieslasalle.edu.pe\/wp-content\/uploads\/2025\/12\/2.-imagen-principal-3-300x147.jpg 300w, https:\/\/ieslasalle.edu.pe\/wp-content\/uploads\/2025\/12\/2.-imagen-principal-3-768x376.jpg 768w, https:\/\/ieslasalle.edu.pe\/wp-content\/uploads\/2025\/12\/2.-imagen-principal-3-770x377.jpg 770w\" sizes=\"(max-width: 1024px) 100vw, 1024px\" \/><\/figure>\n<\/div>\n\n\n\n<div class=\"wp-block-group is-layout-constrained wp-container-core-group-is-layout-a828dc13 wp-block-group-is-layout-constrained\" style=\"padding-top:80px;padding-right:20px;padding-bottom:80px;padding-left:20px\">\n<h2 class=\"wp-block-heading has-text-align-center has-text-color\" style=\"color:#002147\">\u00c1reas de Producci\u00f3n y Servicios<\/h2>\n\n\n\n<p class=\"has-text-align-center has-text-color wp-block-paragraph\" style=\"color:#555555\">Espacios reales de aprendizaje y producci\u00f3n gestionados por la instituci\u00f3n.<\/p>\n\n\n\n<div style=\"height:40px\" aria-hidden=\"true\" class=\"wp-block-spacer\"><\/div>\n\n\n\n<div class=\"wp-block-columns is-layout-flex wp-container-core-columns-is-layout-049be026 wp-block-columns-is-layout-flex\">\n<div class=\"wp-block-column has-border-color is-layout-flow wp-block-column-is-layout-flow\" style=\"border-color:#e0e0e0;border-style:solid;border-width:1px;padding-top:20px;padding-right:20px;padding-bottom:20px;padding-left:20px\">\n<h1 class=\"wp-block-heading has-text-align-center\">\ud83c\udfe8<\/h1>\n\n\n\n<h4 class=\"wp-block-heading has-text-align-center has-text-color\" style=\"color:#002147\">Hotel La Salle Inn<\/h4>\n<\/div>\n\n\n\n<div class=\"wp-block-column has-border-color is-layout-flow wp-block-column-is-layout-flow\" style=\"border-color:#e0e0e0;border-style:solid;border-width:1px;padding-top:20px;padding-right:20px;padding-bottom:20px;padding-left:20px\">\n<h1 class=\"wp-block-heading has-text-align-center\">\ud83e\uddc0<\/h1>\n\n\n\n<h4 class=\"wp-block-heading has-text-align-center has-text-color\" style=\"color:#002147\">L\u00e1cteos La Sallito<\/h4>\n<\/div>\n\n\n\n<div class=\"wp-block-column has-border-color is-layout-flow wp-block-column-is-layout-flow\" style=\"border-color:#e0e0e0;border-style:solid;border-width:1px;padding-top:20px;padding-right:20px;padding-bottom:20px;padding-left:20px\">\n<h1 class=\"wp-block-heading has-text-align-center\">\ud83c\udf31<\/h1>\n\n\n\n<h4 class=\"wp-block-heading has-text-align-center has-text-color\" style=\"color:#002147\">Vivero y Campo<\/h4>\n<\/div>\n\n\n\n<div class=\"wp-block-column has-border-color is-layout-flow wp-block-column-is-layout-flow\" style=\"border-color:#e0e0e0;border-style:solid;border-width:1px;padding-top:20px;padding-right:20px;padding-bottom:20px;padding-left:20px\">\n<h1 class=\"wp-block-heading has-text-align-center\">\ud83d\udde3\ufe0f<\/h1>\n\n\n\n<h4 class=\"wp-block-heading has-text-align-center has-text-color\" style=\"color:#002147\">Centro de Idiomas<\/h4>\n<\/div>\n<\/div>\n\n\n\n<figure class=\"wp-block-image aligncenter size-full\"><img loading=\"lazy\" decoding=\"async\" width=\"687\" height=\"1024\" src=\"https:\/\/ieslasalle.edu.pe\/wp-content\/uploads\/2025\/12\/4-otra-imagen-1-2.jpg\" alt=\"\" class=\"wp-image-2779\" srcset=\"https:\/\/ieslasalle.edu.pe\/wp-content\/uploads\/2025\/12\/4-otra-imagen-1-2.jpg 687w, https:\/\/ieslasalle.edu.pe\/wp-content\/uploads\/2025\/12\/4-otra-imagen-1-2-201x300.jpg 201w\" sizes=\"(max-width: 687px) 100vw, 687px\" \/><\/figure>\n<\/div>\n<\/div>\n","protected":false},"excerpt":{"rendered":"<p>Estructura Org\u00e1nica El IES P\u00fablico La Salle cuenta con una organizaci\u00f3n jer\u00e1rquica y funcional dise\u00f1ada para garantizar el cumplimiento de nuestra misi\u00f3n educativa. Liderados por la Direcci\u00f3n General y respaldados por el Consejo Asesor, nuestras unidades operativas trabajan de manera articulada. Documento Oficial Visualiza el organigrama completo aprobado por la DRE Cusco. Unidades Funcionales \ud83c\udf93 Unidad Acad\u00e9mica Responsable de la planificaci\u00f3n y ejecuci\u00f3n de los procesos pedag\u00f3gicos. \ud83d\udcbc Unidad de[&hellip;]<\/p>\n","protected":false},"author":1,"featured_media":2718,"parent":0,"menu_order":0,"comment_status":"closed","ping_status":"closed","template":"","meta":{"footnotes":""},"class_list":["post-2502","page","type-page","status-publish","has-post-thumbnail","hentry"],"_links":{"self":[{"href":"https:\/\/ieslasalle.edu.pe\/index.php?rest_route=\/wp\/v2\/pages\/2502","targetHints":{"allow":["GET"]}}],"collection":[{"href":"https:\/\/ieslasalle.edu.pe\/index.php?rest_route=\/wp\/v2\/pages"}],"about":[{"href":"https:\/\/ieslasalle.edu.pe\/index.php?rest_route=\/wp\/v2\/types\/page"}],"author":[{"embeddable":true,"href":"https:\/\/ieslasalle.edu.pe\/index.php?rest_route=\/wp\/v2\/users\/1"}],"replies":[{"embeddable":true,"href":"https:\/\/ieslasalle.edu.pe\/index.php?rest_route=%2Fwp%2Fv2%2Fcomments&post=2502"}],"version-history":[{"count":3,"href":"https:\/\/ieslasalle.edu.pe\/index.php?rest_route=\/wp\/v2\/pages\/2502\/revisions"}],"predecessor-version":[{"id":2787,"href":"https:\/\/ieslasalle.edu.pe\/index.php?rest_route=\/wp\/v2\/pages\/2502\/revisions\/2787"}],"wp:featuredmedia":[{"embeddable":true,"href":"https:\/\/ieslasalle.edu.pe\/index.php?rest_route=\/wp\/v2\/media\/2718"}],"wp:attachment":[{"href":"https:\/\/ieslasalle.edu.pe\/index.php?rest_route=%2Fwp%2Fv2%2Fmedia&parent=2502"}],"curies":[{"name":"wp","href":"https:\/\/api.w.org\/{rel}","templated":true}]}}