{"id":2499,"date":"2025-12-16T20:38:36","date_gmt":"2025-12-16T20:38:36","guid":{"rendered":"https:\/\/ieslasalle.edu.pe\/?page_id=2499"},"modified":"2025-12-22T15:48:21","modified_gmt":"2025-12-22T15:48:21","slug":"vision-mision-y-valores","status":"publish","type":"page","link":"https:\/\/ieslasalle.edu.pe\/?page_id=2499","title":{"rendered":"Visi\u00f3n, Misi\u00f3n y Valores"},"content":{"rendered":"\n<div class=\"wp-block-group is-layout-constrained wp-container-core-group-is-layout-20bea09b wp-block-group-is-layout-constrained\" style=\"padding-top:0;padding-right:0;padding-bottom:0;padding-left:0\">\n<div class=\"wp-block-cover alignfull is-light has-background\" style=\"background-color:#002147;min-height:450px;aspect-ratio:unset;\"><img fetchpriority=\"high\" decoding=\"async\" width=\"969\" height=\"501\" class=\"wp-block-cover__image-background wp-image-2651 size-full\" alt=\"\" src=\"https:\/\/ieslasalle.edu.pe\/wp-content\/uploads\/2025\/12\/3.-portada-1.jpg\" data-object-fit=\"cover\" srcset=\"https:\/\/ieslasalle.edu.pe\/wp-content\/uploads\/2025\/12\/3.-portada-1.jpg 969w, https:\/\/ieslasalle.edu.pe\/wp-content\/uploads\/2025\/12\/3.-portada-1-300x155.jpg 300w, https:\/\/ieslasalle.edu.pe\/wp-content\/uploads\/2025\/12\/3.-portada-1-768x397.jpg 768w, https:\/\/ieslasalle.edu.pe\/wp-content\/uploads\/2025\/12\/3.-portada-1-770x398.jpg 770w\" sizes=\"(max-width: 969px) 100vw, 969px\" \/><span aria-hidden=\"true\" class=\"wp-block-cover__background has-background-dim-80 has-background-dim\" style=\"background-color:#9b8e89\"><\/span><div class=\"wp-block-cover__inner-container is-layout-flow wp-block-cover-is-layout-flow\">\n<div class=\"wp-block-group is-layout-constrained wp-container-core-group-is-layout-fe631792 wp-block-group-is-layout-constrained\" style=\"padding-top:40px;padding-right:20px;padding-bottom:40px;padding-left:20px\">\n<h1 class=\"wp-block-heading has-text-align-center has-text-color\" style=\"color:#ffffff;font-size:48px;letter-spacing:1px;line-height:1.1;text-transform:uppercase\">Nuestra Identidad<\/h1>\n\n\n\n<p class=\"has-text-align-center has-text-color wp-block-paragraph\" style=\"color:#f0f0f0;font-size:20px;font-style:italic\">\u00abGrandes cosas son posibles\u00bb<\/p>\n\n\n\n<hr class=\"wp-block-separator has-text-color has-alpha-channel-opacity has-background is-style-wide\" style=\"background-color:#ce1126;color:#ce1126\"\/>\n<\/div>\n<\/div><\/div>\n\n\n\n<div class=\"wp-block-group is-layout-constrained wp-container-core-group-is-layout-a828dc13 wp-block-group-is-layout-constrained\" style=\"padding-top:80px;padding-right:20px;padding-bottom:80px;padding-left:20px\">\n<div class=\"wp-block-columns is-layout-flex wp-container-core-columns-is-layout-753d627f wp-block-columns-is-layout-flex\">\n<div class=\"wp-block-column has-background is-layout-flow wp-block-column-is-layout-flow\" style=\"border-top-color:#ce1126;border-top-width:5px;background-color:#f9f9f9;padding-top:40px;padding-right:40px;padding-bottom:40px;padding-left:40px;box-shadow:0 10px 30px rgba(0,0,0,0.05)\">\n<h1 class=\"wp-block-heading\" style=\"font-size:50px\">\ud83c\udfaf<\/h1>\n\n\n\n<h3 class=\"wp-block-heading has-text-color\" style=\"color:#002147;letter-spacing:1px;text-transform:uppercase\">Misi\u00f3n Institucional<\/h3>\n\n\n\n<p class=\"has-text-color wp-block-paragraph\" style=\"color:#555555;line-height:1.8\">Somos una instituci\u00f3n de educaci\u00f3n superior que brinda un servicio educativo de calidad, sobre la base de los valores lasallistas, con docentes competentes para la formaci\u00f3n integral de los futuros profesionales t\u00e9cnicos competitivos, innovadores y en el \u00e1mbito humano, contribuyendo al desarrollo social y la sostenibilidad del crecimiento del sector productivo con respeto a la diversidad natural y cultural a nivel local, regional, nacional y global.<\/p>\n<\/div>\n\n\n\n<div class=\"wp-block-column has-background is-layout-flow wp-block-column-is-layout-flow\" style=\"border-top-color:#002147;border-top-width:5px;background-color:#f9f9f9;padding-top:40px;padding-right:40px;padding-bottom:40px;padding-left:40px;box-shadow:0 10px 30px rgba(0,0,0,0.05)\">\n<h1 class=\"wp-block-heading\" style=\"font-size:50px\">\ud83d\udd2d<\/h1>\n\n\n\n<h3 class=\"wp-block-heading has-text-color\" style=\"color:#002147;letter-spacing:1px;text-transform:uppercase\">Visi\u00f3n al 2029<\/h3>\n\n\n\n<p class=\"has-text-color wp-block-paragraph\" style=\"color:#555555;line-height:1.8\">Al 2029, ser una instituci\u00f3n l\u00edder en la regi\u00f3n y el pa\u00eds, reconocida por su calidad acad\u00e9mica en la formaci\u00f3n integral de profesionales t\u00e9cnicos competitivos con valores lasallistas, que contribuyan en el desarrollo de la sociedad a trav\u00e9s del incremento de la productividad, el emprendimiento y la innovaci\u00f3n.<\/p>\n<\/div>\n<\/div>\n\n\n\n<figure class=\"wp-block-image size-full\"><img decoding=\"async\" width=\"1024\" height=\"458\" src=\"https:\/\/ieslasalle.edu.pe\/wp-content\/uploads\/2025\/12\/2.-imagen-principal-1.jpg\" alt=\"\" class=\"wp-image-2652\" srcset=\"https:\/\/ieslasalle.edu.pe\/wp-content\/uploads\/2025\/12\/2.-imagen-principal-1.jpg 1024w, https:\/\/ieslasalle.edu.pe\/wp-content\/uploads\/2025\/12\/2.-imagen-principal-1-300x134.jpg 300w, https:\/\/ieslasalle.edu.pe\/wp-content\/uploads\/2025\/12\/2.-imagen-principal-1-768x344.jpg 768w, https:\/\/ieslasalle.edu.pe\/wp-content\/uploads\/2025\/12\/2.-imagen-principal-1-770x344.jpg 770w\" sizes=\"(max-width: 1024px) 100vw, 1024px\" \/><\/figure>\n<\/div>\n\n\n\n<div class=\"wp-block-group has-background is-layout-constrained wp-container-core-group-is-layout-6e07d09c wp-block-group-is-layout-constrained\" style=\"background-color:#002147;padding-top:60px;padding-right:20px;padding-bottom:60px;padding-left:20px\">\n<h2 class=\"wp-block-heading has-text-align-center has-text-color\" style=\"color:#ffffff\">Valores Institucionales<\/h2>\n\n\n\n<p class=\"has-text-align-center has-text-color wp-block-paragraph\" style=\"color:#cccccc;font-size:18px\">Arraigados en el legado de San Juan Bautista de La Salle.<\/p>\n<\/div>\n\n\n\n<div class=\"wp-block-group is-layout-constrained wp-container-core-group-is-layout-a828dc13 wp-block-group-is-layout-constrained\" style=\"padding-top:80px;padding-right:20px;padding-bottom:80px;padding-left:20px\">\n<div class=\"wp-block-columns is-layout-flex wp-container-core-columns-is-layout-79e51ec3 wp-block-columns-is-layout-flex\">\n<div class=\"wp-block-column has-border-color is-layout-flow wp-block-column-is-layout-flow\" style=\"border-color:#e0e0e0;border-style:solid;border-width:1px;padding-top:30px;padding-right:30px;padding-bottom:30px;padding-left:30px\">\n<h1 class=\"wp-block-heading has-text-align-center has-text-color\" style=\"color:#ce1126\">\ud83d\ude4f<\/h1>\n\n\n\n<h3 class=\"wp-block-heading has-text-align-center has-text-color\" style=\"color:#002147\">Fe (Fides)<\/h3>\n\n\n\n<p class=\"has-text-align-center wp-block-paragraph\"><p class=\"has-text-align-center\" style=\"font-size:14px\">Cultivamos una relaci\u00f3n profunda con Dios y la confianza en el potencial humano. La fe es central en nuestra educaci\u00f3n.<\/p><\/p>\n<\/div>\n\n\n\n<div class=\"wp-block-column has-border-color is-layout-flow wp-block-column-is-layout-flow\" style=\"border-color:#e0e0e0;border-style:solid;border-width:1px;padding-top:30px;padding-right:30px;padding-bottom:30px;padding-left:30px\">\n<h1 class=\"wp-block-heading has-text-align-center has-text-color\" style=\"color:#ce1126\">\ud83e\udd1d<\/h1>\n\n\n\n<h3 class=\"wp-block-heading has-text-align-center has-text-color\" style=\"color:#002147\">Fraternidad (Fraternitas)<\/h3>\n\n\n\n<p class=\"has-text-align-center wp-block-paragraph\"><p class=\"has-text-align-center\" style=\"font-size:14px\">Construimos una comunidad solidaria. Fomentamos un ambiente de familia donde cada miembro se siente valorado.<\/p><\/p>\n<\/div>\n\n\n\n<div class=\"wp-block-column has-border-color is-layout-flow wp-block-column-is-layout-flow\" style=\"border-color:#e0e0e0;border-style:solid;border-width:1px;padding-top:30px;padding-right:30px;padding-bottom:30px;padding-left:30px\">\n<h1 class=\"wp-block-heading has-text-align-center has-text-color\" style=\"color:#ce1126\">\ud83e\udd32<\/h1>\n\n\n\n<h3 class=\"wp-block-heading has-text-align-center has-text-color\" style=\"color:#002147\">Servicio (Servitium)<\/h3>\n\n\n\n<p class=\"has-text-align-center wp-block-paragraph\"><p class=\"has-text-align-center\" style=\"font-size:14px\">Servimos desinteresadamente, especialmente a los m\u00e1s vulnerables. Fomentamos la empat\u00eda y la responsabilidad social.<\/p><\/p>\n<\/div>\n<\/div>\n\n\n\n<div class=\"wp-block-columns is-layout-flex wp-container-core-columns-is-layout-bfa3f59c wp-block-columns-is-layout-flex\" style=\"margin-top:30px\">\n<div class=\"wp-block-column has-border-color is-layout-flow wp-block-column-is-layout-flow\" style=\"border-color:#e0e0e0;border-style:solid;border-width:1px;padding-top:30px;padding-right:30px;padding-bottom:30px;padding-left:30px\">\n<h1 class=\"wp-block-heading has-text-align-center has-text-color\" style=\"color:#ce1126\">\u2696\ufe0f<\/h1>\n\n\n\n<h3 class=\"wp-block-heading has-text-align-center has-text-color\" style=\"color:#002147\">Justicia (Iustitia)<\/h3>\n\n\n\n<p class=\"has-text-align-center wp-block-paragraph\"><p class=\"has-text-align-center\" style=\"font-size:14px\">Trabajamos por un mundo m\u00e1s equitativo. Promovemos la integridad, la honestidad y los derechos humanos.<\/p><\/p>\n<\/div>\n\n\n\n<div class=\"wp-block-column has-border-color is-layout-flow wp-block-column-is-layout-flow\" style=\"border-color:#e0e0e0;border-style:solid;border-width:1px;padding-top:30px;padding-right:30px;padding-bottom:30px;padding-left:30px\">\n<h1 class=\"wp-block-heading has-text-align-center has-text-color\" style=\"color:#ce1126\">\ud83d\udea9<\/h1>\n\n\n\n<h3 class=\"wp-block-heading has-text-align-center has-text-color\" style=\"color:#002147\">Compromiso (Dedicationem)<\/h3>\n\n\n\n<p class=\"has-text-align-center wp-block-paragraph\"><p class=\"has-text-align-center\" style=\"font-size:14px\">Dedicaci\u00f3n constante en la b\u00fasqueda de la excelencia. Perseguimos metas con determinaci\u00f3n y vocaci\u00f3n.<\/p><\/p>\n<\/div>\n<\/div>\n\n\n\n<figure class=\"wp-block-image size-large\"><img decoding=\"async\" width=\"1024\" height=\"683\" src=\"https:\/\/ieslasalle.edu.pe\/wp-content\/uploads\/2025\/12\/DSC2806-1024x683.jpg\" alt=\"\" class=\"wp-image-2623\" srcset=\"https:\/\/ieslasalle.edu.pe\/wp-content\/uploads\/2025\/12\/DSC2806-1024x683.jpg 1024w, https:\/\/ieslasalle.edu.pe\/wp-content\/uploads\/2025\/12\/DSC2806-300x200.jpg 300w, https:\/\/ieslasalle.edu.pe\/wp-content\/uploads\/2025\/12\/DSC2806-768x512.jpg 768w, https:\/\/ieslasalle.edu.pe\/wp-content\/uploads\/2025\/12\/DSC2806-1536x1024.jpg 1536w, https:\/\/ieslasalle.edu.pe\/wp-content\/uploads\/2025\/12\/DSC2806-2048x1365.jpg 2048w, https:\/\/ieslasalle.edu.pe\/wp-content\/uploads\/2025\/12\/DSC2806-770x513.jpg 770w\" sizes=\"(max-width: 1024px) 100vw, 1024px\" \/><\/figure>\n<\/div>\n<\/div>\n","protected":false},"excerpt":{"rendered":"<p>\ud83c\udfaf Misi\u00f3n Institucional Somos una instituci\u00f3n de educaci\u00f3n superior que brinda un servicio educativo de calidad, sobre la base de los valores lasallistas, con docentes competentes para la formaci\u00f3n integral de los futuros profesionales t\u00e9cnicos competitivos, innovadores y en el \u00e1mbito humano, contribuyendo al desarrollo social y la sostenibilidad del crecimiento del sector productivo con respeto a la diversidad natural y cultural a nivel local, regional, nacional y global. \ud83d\udd2d[&hellip;]<\/p>\n","protected":false},"author":1,"featured_media":2651,"parent":0,"menu_order":0,"comment_status":"closed","ping_status":"closed","template":"","meta":{"footnotes":""},"class_list":["post-2499","page","type-page","status-publish","has-post-thumbnail","hentry"],"_links":{"self":[{"href":"https:\/\/ieslasalle.edu.pe\/index.php?rest_route=\/wp\/v2\/pages\/2499","targetHints":{"allow":["GET"]}}],"collection":[{"href":"https:\/\/ieslasalle.edu.pe\/index.php?rest_route=\/wp\/v2\/pages"}],"about":[{"href":"https:\/\/ieslasalle.edu.pe\/index.php?rest_route=\/wp\/v2\/types\/page"}],"author":[{"embeddable":true,"href":"https:\/\/ieslasalle.edu.pe\/index.php?rest_route=\/wp\/v2\/users\/1"}],"replies":[{"embeddable":true,"href":"https:\/\/ieslasalle.edu.pe\/index.php?rest_route=%2Fwp%2Fv2%2Fcomments&post=2499"}],"version-history":[{"count":3,"href":"https:\/\/ieslasalle.edu.pe\/index.php?rest_route=\/wp\/v2\/pages\/2499\/revisions"}],"predecessor-version":[{"id":2662,"href":"https:\/\/ieslasalle.edu.pe\/index.php?rest_route=\/wp\/v2\/pages\/2499\/revisions\/2662"}],"wp:featuredmedia":[{"embeddable":true,"href":"https:\/\/ieslasalle.edu.pe\/index.php?rest_route=\/wp\/v2\/media\/2651"}],"wp:attachment":[{"href":"https:\/\/ieslasalle.edu.pe\/index.php?rest_route=%2Fwp%2Fv2%2Fmedia&parent=2499"}],"curies":[{"name":"wp","href":"https:\/\/api.w.org\/{rel}","templated":true}]}}