{"id":2468,"date":"2025-12-16T20:38:11","date_gmt":"2025-12-16T20:38:11","guid":{"rendered":"https:\/\/ieslasalle.edu.pe\/?page_id=2468"},"modified":"2025-12-22T16:41:31","modified_gmt":"2025-12-22T16:41:31","slug":"resena-historica","status":"publish","type":"page","link":"https:\/\/ieslasalle.edu.pe\/?page_id=2468","title":{"rendered":"Rese\u00f1a Hist\u00f3rica"},"content":{"rendered":"\n<div class=\"wp-block-group is-layout-constrained wp-container-core-group-is-layout-20bea09b wp-block-group-is-layout-constrained\" style=\"padding-top:0;padding-right:0;padding-bottom:0;padding-left:0\">\n<div class=\"wp-block-cover alignfull is-light has-background\" style=\"background-color:#002147;min-height:450px;aspect-ratio:unset;\"><img fetchpriority=\"high\" decoding=\"async\" width=\"1024\" height=\"318\" class=\"wp-block-cover__image-background wp-image-2720 size-full\" alt=\"\" src=\"https:\/\/ieslasalle.edu.pe\/wp-content\/uploads\/2025\/12\/1-header-1-4.jpg\" data-object-fit=\"cover\" srcset=\"https:\/\/ieslasalle.edu.pe\/wp-content\/uploads\/2025\/12\/1-header-1-4.jpg 1024w, https:\/\/ieslasalle.edu.pe\/wp-content\/uploads\/2025\/12\/1-header-1-4-300x93.jpg 300w, https:\/\/ieslasalle.edu.pe\/wp-content\/uploads\/2025\/12\/1-header-1-4-768x239.jpg 768w, https:\/\/ieslasalle.edu.pe\/wp-content\/uploads\/2025\/12\/1-header-1-4-770x239.jpg 770w\" sizes=\"(max-width: 1024px) 100vw, 1024px\" \/><span aria-hidden=\"true\" class=\"wp-block-cover__background has-background-dim-60 has-background-dim\" style=\"background-color:#8c867c\"><\/span><div class=\"wp-block-cover__inner-container is-layout-flow wp-block-cover-is-layout-flow\">\n<div class=\"wp-block-group is-layout-constrained wp-container-core-group-is-layout-fe631792 wp-block-group-is-layout-constrained\" style=\"padding-top:40px;padding-right:20px;padding-bottom:40px;padding-left:20px\">\n<h1 class=\"wp-block-heading has-text-align-center has-text-color\" style=\"color:#ffffff;font-size:48px;letter-spacing:1px;line-height:1.1;text-transform:uppercase\">Nuestra Historia<\/h1>\n\n\n\n<p class=\"has-text-align-center has-text-color wp-block-paragraph\" style=\"color:#f0f0f0;font-size:20px;font-style:italic\">M\u00e1s de 60 a\u00f1os formando profesionales en el Valle Sagrado<\/p>\n\n\n\n<hr class=\"wp-block-separator has-text-color has-alpha-channel-opacity has-background is-style-wide\" style=\"background-color:#ce1126;color:#ce1126\"\/>\n<\/div>\n<\/div><\/div>\n\n\n\n<div class=\"wp-block-group is-layout-constrained wp-container-core-group-is-layout-d0b84bfc wp-block-group-is-layout-constrained\" style=\"padding-top:80px;padding-right:20px;padding-bottom:40px;padding-left:20px\">\n<p class=\"has-text-align-center has-text-color wp-block-paragraph\" style=\"color:#555555;font-size:18px;line-height:1.8\">Desde nuestra fundaci\u00f3n en 1958 como Escuela Normal, hemos evolucionado constantemente. La llegada de los Hermanos de La Salle en 1965 marc\u00f3 un hito en nuestra identidad, consolid\u00e1ndonos hoy como un referente de educaci\u00f3n tecnol\u00f3gica licenciada.<\/p>\n<\/div>\n\n\n\n<div class=\"wp-block-group has-background is-layout-constrained wp-container-core-group-is-layout-abfdbf44 wp-block-group-is-layout-constrained\" style=\"background-color:#f4f6f8;padding-top:60px;padding-right:20px;padding-bottom:80px;padding-left:20px\">\n<div class=\"wp-block-columns are-vertically-aligned-center is-layout-flex wp-container-core-columns-is-layout-a7fa346f wp-block-columns-is-layout-flex\" style=\"margin-bottom:60px\">\n<div class=\"wp-block-column is-vertically-aligned-center is-layout-flow wp-block-column-is-layout-flow\" style=\"flex-basis:50%\">\n<h2 class=\"wp-block-heading has-text-color\" style=\"color:#ce1126;font-size:42px\">1958<\/h2>\n\n\n\n<h4 class=\"wp-block-heading has-text-color\" style=\"color:#002147;text-transform:uppercase\">La Fundaci\u00f3n<\/h4>\n\n\n\n<p class=\"wp-block-paragraph\">Se funda como <strong>Escuela Normal de Urubamba<\/strong>. La infraestructura fue construida por el Servicio Cooperativo Peruano Norteamericano de Educaci\u00f3n (SECPANE) con una concepci\u00f3n arquitect\u00f3nica americana en tres hect\u00e1reas de terreno.<\/p>\n<\/div>\n\n\n\n<div class=\"wp-block-column is-vertically-aligned-center is-layout-flow wp-block-column-is-layout-flow\" style=\"flex-basis:50%\">\n<figure class=\"wp-block-image size-full has-custom-border\"><img decoding=\"async\" width=\"964\" height=\"687\" src=\"https:\/\/ieslasalle.edu.pe\/wp-content\/uploads\/2025\/12\/2.-imagen-principal-2.jpg\" alt=\"\" class=\"wp-image-2707\" style=\"border-radius:10px;box-shadow:10px 10px 0px 0px #002147\" srcset=\"https:\/\/ieslasalle.edu.pe\/wp-content\/uploads\/2025\/12\/2.-imagen-principal-2.jpg 964w, https:\/\/ieslasalle.edu.pe\/wp-content\/uploads\/2025\/12\/2.-imagen-principal-2-300x214.jpg 300w, https:\/\/ieslasalle.edu.pe\/wp-content\/uploads\/2025\/12\/2.-imagen-principal-2-768x547.jpg 768w, https:\/\/ieslasalle.edu.pe\/wp-content\/uploads\/2025\/12\/2.-imagen-principal-2-770x549.jpg 770w\" sizes=\"(max-width: 964px) 100vw, 964px\" \/><\/figure>\n<\/div>\n<\/div>\n\n\n\n<div class=\"wp-block-columns are-vertically-aligned-center is-layout-flex wp-container-core-columns-is-layout-a7fa346f wp-block-columns-is-layout-flex\" style=\"margin-bottom:60px\">\n<div class=\"wp-block-column is-vertically-aligned-center is-layout-flow wp-block-column-is-layout-flow\" style=\"flex-basis:50%\">\n<figure class=\"wp-block-image size-full has-custom-border\"><img decoding=\"async\" width=\"964\" height=\"687\" src=\"https:\/\/ieslasalle.edu.pe\/wp-content\/uploads\/2025\/12\/2.-imagen-principal-2.jpg\" alt=\"\" class=\"wp-image-2707\" style=\"border-radius:10px;box-shadow:-10px 10px 0px 0px #ce1126\" srcset=\"https:\/\/ieslasalle.edu.pe\/wp-content\/uploads\/2025\/12\/2.-imagen-principal-2.jpg 964w, https:\/\/ieslasalle.edu.pe\/wp-content\/uploads\/2025\/12\/2.-imagen-principal-2-300x214.jpg 300w, https:\/\/ieslasalle.edu.pe\/wp-content\/uploads\/2025\/12\/2.-imagen-principal-2-768x547.jpg 768w, https:\/\/ieslasalle.edu.pe\/wp-content\/uploads\/2025\/12\/2.-imagen-principal-2-770x549.jpg 770w\" sizes=\"(max-width: 964px) 100vw, 964px\" \/><\/figure>\n<\/div>\n\n\n\n<div class=\"wp-block-column is-vertically-aligned-center is-layout-flow wp-block-column-is-layout-flow\" style=\"flex-basis:50%\">\n<h2 class=\"wp-block-heading has-text-color\" style=\"color:#ce1126;font-size:42px\">1965<\/h2>\n\n\n\n<h4 class=\"wp-block-heading has-text-color\" style=\"color:#002147;text-transform:uppercase\">Llegada de La Salle<\/h4>\n\n\n\n<p class=\"wp-block-paragraph\">Los Hermanos de las Escuelas Cristianas asumen la direcci\u00f3n. La comunidad fundadora estuvo formada por el <strong>Hno. Jaime Estruch<\/strong> (Director), Hno. Vicente Alonso y Hno. Enrique Valdez. Se celebra por primera vez la fiesta de San Juan Bautista de La Salle.<\/p>\n<\/div>\n<\/div>\n\n\n\n<div class=\"wp-block-columns are-vertically-aligned-center is-layout-flex wp-container-core-columns-is-layout-a7fa346f wp-block-columns-is-layout-flex\" style=\"margin-bottom:60px\">\n<div class=\"wp-block-column is-vertically-aligned-center is-layout-flow wp-block-column-is-layout-flow\" style=\"flex-basis:50%\">\n<h2 class=\"wp-block-heading has-text-color\" style=\"color:#ce1126;font-size:42px\">2009<\/h2>\n\n\n\n<h4 class=\"wp-block-heading has-text-color\" style=\"color:#002147;text-transform:uppercase\">Bodas de Oro<\/h4>\n\n\n\n<p class=\"wp-block-paragraph\">El Instituto celebr\u00f3 sus 50 a\u00f1os de funcionamiento con el Congreso Internacional de Educaci\u00f3n \u00abLa Salle 2009\u00bb. Se public\u00f3 el libro \u00abEDUCACI\u00d3N, realidad y desaf\u00edos para el siglo XXI\u00bb.<\/p>\n<\/div>\n\n\n\n<div class=\"wp-block-column is-vertically-aligned-center is-layout-flow wp-block-column-is-layout-flow\" style=\"flex-basis:50%\">\n<figure class=\"wp-block-image size-full has-custom-border\"><img loading=\"lazy\" decoding=\"async\" width=\"1024\" height=\"565\" src=\"https:\/\/ieslasalle.edu.pe\/wp-content\/uploads\/2025\/12\/4-otra-imagen-1-1.jpg\" alt=\"\" class=\"wp-image-2706\" style=\"border-radius:10px;box-shadow:10px 10px 0px 0px #002147\" srcset=\"https:\/\/ieslasalle.edu.pe\/wp-content\/uploads\/2025\/12\/4-otra-imagen-1-1.jpg 1024w, https:\/\/ieslasalle.edu.pe\/wp-content\/uploads\/2025\/12\/4-otra-imagen-1-1-300x166.jpg 300w, https:\/\/ieslasalle.edu.pe\/wp-content\/uploads\/2025\/12\/4-otra-imagen-1-1-768x424.jpg 768w, https:\/\/ieslasalle.edu.pe\/wp-content\/uploads\/2025\/12\/4-otra-imagen-1-1-770x425.jpg 770w\" sizes=\"(max-width: 1024px) 100vw, 1024px\" \/><\/figure>\n<\/div>\n<\/div>\n\n\n\n<div class=\"wp-block-columns are-vertically-aligned-center is-layout-flex wp-container-core-columns-is-layout-a7fa346f wp-block-columns-is-layout-flex\" style=\"margin-bottom:60px\">\n<div class=\"wp-block-column is-vertically-aligned-center is-layout-flow wp-block-column-is-layout-flow\" style=\"flex-basis:50%\">\n<figure class=\"wp-block-image size-large has-custom-border\"><img loading=\"lazy\" decoding=\"async\" width=\"1024\" height=\"683\" src=\"https:\/\/ieslasalle.edu.pe\/wp-content\/uploads\/2025\/12\/DSC6301-1024x683.jpg\" alt=\"\" class=\"wp-image-2689\" style=\"border-radius:10px;box-shadow:-10px 10px 0px 0px #ce1126\" srcset=\"https:\/\/ieslasalle.edu.pe\/wp-content\/uploads\/2025\/12\/DSC6301-1024x683.jpg 1024w, https:\/\/ieslasalle.edu.pe\/wp-content\/uploads\/2025\/12\/DSC6301-300x200.jpg 300w, https:\/\/ieslasalle.edu.pe\/wp-content\/uploads\/2025\/12\/DSC6301-768x512.jpg 768w, https:\/\/ieslasalle.edu.pe\/wp-content\/uploads\/2025\/12\/DSC6301-1536x1024.jpg 1536w, https:\/\/ieslasalle.edu.pe\/wp-content\/uploads\/2025\/12\/DSC6301-2048x1365.jpg 2048w, https:\/\/ieslasalle.edu.pe\/wp-content\/uploads\/2025\/12\/DSC6301-770x513.jpg 770w\" sizes=\"(max-width: 1024px) 100vw, 1024px\" \/><\/figure>\n<\/div>\n\n\n\n<div class=\"wp-block-column is-vertically-aligned-center is-layout-flow wp-block-column-is-layout-flow\" style=\"flex-basis:50%\">\n<h2 class=\"wp-block-heading has-text-color\" style=\"color:#ce1126;font-size:42px\">2016 &#8211; 2020<\/h2>\n\n\n\n<h4 class=\"wp-block-heading has-text-color\" style=\"color:#002147;text-transform:uppercase\">Excelencia y Convenios<\/h4>\n\n\n\n<p class=\"wp-block-paragraph\">Seleccionados como <strong>Instituto de Excelencia<\/strong> por DIGESUPTA. Se implementan nuevas carreras y se firman convenios internacionales con la Universidad Ramon Llull (Espa\u00f1a) y la Universidad La Salle (Arequipa).<\/p>\n<\/div>\n<\/div>\n\n\n\n<div class=\"wp-block-columns are-vertically-aligned-center is-layout-flex wp-container-core-columns-is-layout-753d627f wp-block-columns-is-layout-flex\">\n<div class=\"wp-block-column is-vertically-aligned-center is-layout-flow wp-block-column-is-layout-flow\" style=\"flex-basis:50%\">\n<h2 class=\"wp-block-heading has-text-color\" style=\"color:#ce1126;font-size:42px\">2024<\/h2>\n\n\n\n<h4 class=\"wp-block-heading has-text-color\" style=\"color:#002147;text-transform:uppercase\">Licenciamiento Institucional<\/h4>\n\n\n\n<p class=\"wp-block-paragraph\">El IES P\u00fablico La Salle obtiene el Licenciamiento Institucional bajo la <strong>R.M N\u00b0 057-2024 MINEDU<\/strong>, garantizando la calidad educativa en sus seis programas de estudio.<\/p>\n<\/div>\n\n\n\n<div class=\"wp-block-column is-vertically-aligned-center is-layout-flow wp-block-column-is-layout-flow\" style=\"flex-basis:50%\">\n<figure class=\"wp-block-image size-large has-custom-border\"><img loading=\"lazy\" decoding=\"async\" width=\"1024\" height=\"683\" src=\"https:\/\/ieslasalle.edu.pe\/wp-content\/uploads\/2025\/12\/DSC2686-1-1024x683.jpg\" alt=\"\" class=\"wp-image-2757\" style=\"border-radius:10px;box-shadow:10px 10px 0px 0px #002147\" srcset=\"https:\/\/ieslasalle.edu.pe\/wp-content\/uploads\/2025\/12\/DSC2686-1-1024x683.jpg 1024w, https:\/\/ieslasalle.edu.pe\/wp-content\/uploads\/2025\/12\/DSC2686-1-300x200.jpg 300w, https:\/\/ieslasalle.edu.pe\/wp-content\/uploads\/2025\/12\/DSC2686-1-768x512.jpg 768w, https:\/\/ieslasalle.edu.pe\/wp-content\/uploads\/2025\/12\/DSC2686-1-1536x1024.jpg 1536w, https:\/\/ieslasalle.edu.pe\/wp-content\/uploads\/2025\/12\/DSC2686-1-2048x1365.jpg 2048w, https:\/\/ieslasalle.edu.pe\/wp-content\/uploads\/2025\/12\/DSC2686-1-770x513.jpg 770w\" sizes=\"(max-width: 1024px) 100vw, 1024px\" \/><\/figure>\n<\/div>\n<\/div>\n<\/div>\n<\/div>\n\n\n\n<p class=\"wp-block-paragraph\"><\/p>\n","protected":false},"excerpt":{"rendered":"<p>Desde nuestra fundaci\u00f3n en 1958 como Escuela Normal, hemos evolucionado constantemente. La llegada de los Hermanos de La Salle en 1965 marc\u00f3 un hito en nuestra identidad, consolid\u00e1ndonos hoy como un referente de educaci\u00f3n tecnol\u00f3gica licenciada. 1958 La Fundaci\u00f3n Se funda como Escuela Normal de Urubamba. La infraestructura fue construida por el Servicio Cooperativo Peruano Norteamericano de Educaci\u00f3n (SECPANE) con una concepci\u00f3n arquitect\u00f3nica americana en tres hect\u00e1reas de terreno. 1965[&hellip;]<\/p>\n","protected":false},"author":1,"featured_media":2705,"parent":0,"menu_order":0,"comment_status":"closed","ping_status":"closed","template":"","meta":{"footnotes":""},"class_list":["post-2468","page","type-page","status-publish","has-post-thumbnail","hentry"],"_links":{"self":[{"href":"https:\/\/ieslasalle.edu.pe\/index.php?rest_route=\/wp\/v2\/pages\/2468","targetHints":{"allow":["GET"]}}],"collection":[{"href":"https:\/\/ieslasalle.edu.pe\/index.php?rest_route=\/wp\/v2\/pages"}],"about":[{"href":"https:\/\/ieslasalle.edu.pe\/index.php?rest_route=\/wp\/v2\/types\/page"}],"author":[{"embeddable":true,"href":"https:\/\/ieslasalle.edu.pe\/index.php?rest_route=\/wp\/v2\/users\/1"}],"replies":[{"embeddable":true,"href":"https:\/\/ieslasalle.edu.pe\/index.php?rest_route=%2Fwp%2Fv2%2Fcomments&post=2468"}],"version-history":[{"count":6,"href":"https:\/\/ieslasalle.edu.pe\/index.php?rest_route=\/wp\/v2\/pages\/2468\/revisions"}],"predecessor-version":[{"id":2767,"href":"https:\/\/ieslasalle.edu.pe\/index.php?rest_route=\/wp\/v2\/pages\/2468\/revisions\/2767"}],"wp:featuredmedia":[{"embeddable":true,"href":"https:\/\/ieslasalle.edu.pe\/index.php?rest_route=\/wp\/v2\/media\/2705"}],"wp:attachment":[{"href":"https:\/\/ieslasalle.edu.pe\/index.php?rest_route=%2Fwp%2Fv2%2Fmedia&parent=2468"}],"curies":[{"name":"wp","href":"https:\/\/api.w.org\/{rel}","templated":true}]}}