{"id":2424,"date":"2025-12-16T12:02:40","date_gmt":"2025-12-16T12:02:40","guid":{"rendered":"https:\/\/ieslasalle.edu.pe\/?page_id=2424"},"modified":"2025-12-16T12:02:42","modified_gmt":"2025-12-16T12:02:42","slug":"libro-de-reclamaciones","status":"publish","type":"page","link":"https:\/\/ieslasalle.edu.pe\/?page_id=2424","title":{"rendered":"Libro de Reclamaciones"},"content":{"rendered":"\n<div class=\"wp-block-group is-layout-constrained wp-container-core-group-is-layout-20bea09b wp-block-group-is-layout-constrained\" style=\"padding-top:0;padding-right:0;padding-bottom:0;padding-left:0\">\n<div class=\"wp-block-cover alignfull is-light has-background\" style=\"background-color:#ffffff;min-height:450px;aspect-ratio:unset;\"><img fetchpriority=\"high\" decoding=\"async\" width=\"1024\" height=\"559\" class=\"wp-block-cover__image-background wp-image-2426 size-full\" alt=\"\" src=\"https:\/\/ieslasalle.edu.pe\/wp-content\/uploads\/2025\/12\/2.-Imagen-Destacada-Director-General-15.jpg\" data-object-fit=\"cover\" srcset=\"https:\/\/ieslasalle.edu.pe\/wp-content\/uploads\/2025\/12\/2.-Imagen-Destacada-Director-General-15.jpg 1024w, https:\/\/ieslasalle.edu.pe\/wp-content\/uploads\/2025\/12\/2.-Imagen-Destacada-Director-General-15-300x164.jpg 300w, https:\/\/ieslasalle.edu.pe\/wp-content\/uploads\/2025\/12\/2.-Imagen-Destacada-Director-General-15-768x419.jpg 768w, https:\/\/ieslasalle.edu.pe\/wp-content\/uploads\/2025\/12\/2.-Imagen-Destacada-Director-General-15-770x420.jpg 770w\" sizes=\"(max-width: 1024px) 100vw, 1024px\" \/><span aria-hidden=\"true\" class=\"wp-block-cover__background has-background-dim-0 has-background-dim\" style=\"background-color:#e3dfdc\"><\/span><div class=\"wp-block-cover__inner-container is-layout-flow wp-block-cover-is-layout-flow\">\n<div class=\"wp-block-group is-layout-flow wp-block-group-is-layout-flow\" style=\"padding-top:80px;padding-right:40px;padding-bottom:80px;padding-left:40px\">\n<h1 class=\"wp-block-heading has-text-color\" style=\"color:#8b0000;font-size:42px;line-height:1.1;text-transform:uppercase\">Libro de Reclamaciones Virtual<\/h1>\n\n\n\n<p class=\"has-text-color wp-block-paragraph\" style=\"color:#333333;font-size:18px\">Conforme a lo establecido en el C\u00f3digo de Protecci\u00f3n y Defensa del Consumidor, ponemos a tu disposici\u00f3n este canal para registrar tus quejas o reclamos.<\/p>\n\n\n\n<div class=\"wp-block-buttons is-layout-flex wp-block-buttons-is-layout-flex\">\n<div class=\"wp-block-button\"><a class=\"wp-block-button__link wp-element-button\">Ir al Formulario<\/a><\/div>\n<\/div>\n<\/div>\n<\/div><\/div>\n\n\n\n<div class=\"wp-block-group is-layout-constrained wp-container-core-group-is-layout-6e07d09c wp-block-group-is-layout-constrained\" style=\"padding-top:60px;padding-right:20px;padding-bottom:60px;padding-left:20px\">\n<h2 class=\"wp-block-heading has-text-align-center has-text-color\" style=\"color:#003366\">Antes de registrar, identifica tu caso:<\/h2>\n\n\n\n<div style=\"height:30px\" aria-hidden=\"true\" class=\"wp-block-spacer\"><\/div>\n\n\n\n<div class=\"wp-block-columns is-layout-flex wp-container-core-columns-is-layout-753d627f wp-block-columns-is-layout-flex\">\n<div class=\"wp-block-column has-border-color has-background is-layout-flow wp-block-column-is-layout-flow\" style=\"border-color:#e0e0e0;border-style:solid;border-width:1px;background-color:#fffbfb;padding-top:30px;padding-right:30px;padding-bottom:30px;padding-left:30px\">\n<h3 class=\"wp-block-heading has-text-color\" style=\"color:#8b0000\">\ud83d\udce2 Reclamo<\/h3>\n\n\n\n<p class=\"wp-block-paragraph\">Disconformidad relacionada a los <strong>servicios educativos o bienes<\/strong> prestados por el instituto.<\/p>\n\n\n\n<p class=\"wp-block-paragraph\" style=\"font-size:14px;font-style:italic\">Ejemplo: \u00abNo me entregaron mi certificado a tiempo\u00bb, \u00abEl cobro de matr\u00edcula fue incorrecto\u00bb.<\/p>\n<\/div>\n\n\n\n<div class=\"wp-block-column has-border-color has-background is-layout-flow wp-block-column-is-layout-flow\" style=\"border-color:#e0e0e0;border-style:solid;border-width:1px;background-color:#f4f8fb;padding-top:30px;padding-right:30px;padding-bottom:30px;padding-left:30px\">\n<h3 class=\"wp-block-heading has-text-color\" style=\"color:#003366\">\ud83d\ude20 Queja<\/h3>\n\n\n\n<p class=\"wp-block-paragraph\">Disconformidad no relacionada a los servicios, sino al <strong>malestar o descontento<\/strong> respecto a la atenci\u00f3n al p\u00fablico.<\/p>\n\n\n\n<p class=\"wp-block-paragraph\" style=\"font-size:14px;font-style:italic\">Ejemplo: \u00abEl personal de ventanilla me trat\u00f3 mal\u00bb, \u00abNo respetaron el horario de atenci\u00f3n\u00bb.<\/p>\n<\/div>\n<\/div>\n<\/div>\n\n\n\n<div class=\"wp-block-group has-background is-layout-constrained wp-container-core-group-is-layout-6e07d09c wp-block-group-is-layout-constrained\" style=\"background-color:#f9f9f9;padding-top:60px;padding-right:20px;padding-bottom:60px;padding-left:20px\">\n<h2 class=\"wp-block-heading has-text-align-center has-text-color\" style=\"color:#333333\">Hoja de Reclamaci\u00f3n<\/h2>\n\n\n\n<p class=\"has-text-align-center wp-block-paragraph\">IESTP Sangarar\u00e1 &#8211; RUC: 20XXXXXXXXX<\/p>\n\n\n\n<div style=\"height:30px\" aria-hidden=\"true\" class=\"wp-block-spacer\"><\/div>\n\n\n\n<div class=\"wp-block-group has-border-color has-background is-layout-flow wp-block-group-is-layout-flow\" style=\"border-color:#cccccc;border-style:solid;border-width:1px;background-color:#ffffff;padding-top:40px;padding-right:40px;padding-bottom:40px;padding-left:40px\">\n<p class=\"has-text-align-center has-text-color wp-block-paragraph\" style=\"color:#666666\">Para iniciar el proceso, haz clic en el bot\u00f3n inferior. Ser\u00e1s redirigido al formulario oficial.<\/p>\n\n\n\n<div style=\"height:20px\" aria-hidden=\"true\" class=\"wp-block-spacer\"><\/div>\n\n\n\n<div class=\"wp-block-buttons is-content-justification-center is-layout-flex wp-container-core-buttons-is-layout-fe48e5de wp-block-buttons-is-layout-flex\">\n<div class=\"wp-block-button\"><a class=\"wp-block-button__link wp-element-button\">\ud83d\udcdd Registrar Hoja de Reclamaci\u00f3n<\/a><\/div>\n<\/div>\n<\/div>\n<\/div>\n\n\n\n<div class=\"wp-block-group has-background is-layout-constrained wp-container-core-group-is-layout-ed9db7ec wp-block-group-is-layout-constrained\" style=\"background-color:#333333;padding-top:40px;padding-right:20px;padding-bottom:40px;padding-left:20px\">\n<p class=\"has-text-align-center has-text-color wp-block-paragraph\" style=\"color:#ffffff;font-size:14px\">La instituci\u00f3n deber\u00e1 dar respuesta al reclamo en un plazo no mayor a quince (15) d\u00edas h\u00e1biles, el cual es improrrogable.<\/p>\n\n\n\n<p class=\"has-text-align-center has-text-color wp-block-paragraph\" style=\"color:#aaaaaa;font-size:12px\">Decreto Supremo N\u00b0 011-2011-PCM<\/p>\n<\/div>\n<\/div>\n","protected":false},"excerpt":{"rendered":"<p>Antes de registrar, identifica tu caso: \ud83d\udce2 Reclamo Disconformidad relacionada a los servicios educativos o bienes prestados por el instituto. Ejemplo: \u00abNo me entregaron mi certificado a tiempo\u00bb, \u00abEl cobro de matr\u00edcula fue incorrecto\u00bb. \ud83d\ude20 Queja Disconformidad no relacionada a los servicios, sino al malestar o descontento respecto a la atenci\u00f3n al p\u00fablico. Ejemplo: \u00abEl personal de ventanilla me trat\u00f3 mal\u00bb, \u00abNo respetaron el horario de atenci\u00f3n\u00bb. Hoja de Reclamaci\u00f3n[&hellip;]<\/p>\n","protected":false},"author":1,"featured_media":2425,"parent":0,"menu_order":0,"comment_status":"closed","ping_status":"closed","template":"","meta":{"footnotes":""},"class_list":["post-2424","page","type-page","status-publish","has-post-thumbnail","hentry"],"_links":{"self":[{"href":"https:\/\/ieslasalle.edu.pe\/index.php?rest_route=\/wp\/v2\/pages\/2424","targetHints":{"allow":["GET"]}}],"collection":[{"href":"https:\/\/ieslasalle.edu.pe\/index.php?rest_route=\/wp\/v2\/pages"}],"about":[{"href":"https:\/\/ieslasalle.edu.pe\/index.php?rest_route=\/wp\/v2\/types\/page"}],"author":[{"embeddable":true,"href":"https:\/\/ieslasalle.edu.pe\/index.php?rest_route=\/wp\/v2\/users\/1"}],"replies":[{"embeddable":true,"href":"https:\/\/ieslasalle.edu.pe\/index.php?rest_route=%2Fwp%2Fv2%2Fcomments&post=2424"}],"version-history":[{"count":1,"href":"https:\/\/ieslasalle.edu.pe\/index.php?rest_route=\/wp\/v2\/pages\/2424\/revisions"}],"predecessor-version":[{"id":2428,"href":"https:\/\/ieslasalle.edu.pe\/index.php?rest_route=\/wp\/v2\/pages\/2424\/revisions\/2428"}],"wp:featuredmedia":[{"embeddable":true,"href":"https:\/\/ieslasalle.edu.pe\/index.php?rest_route=\/wp\/v2\/media\/2425"}],"wp:attachment":[{"href":"https:\/\/ieslasalle.edu.pe\/index.php?rest_route=%2Fwp%2Fv2%2Fmedia&parent=2424"}],"curies":[{"name":"wp","href":"https:\/\/api.w.org\/{rel}","templated":true}]}}