{"id":2294,"date":"2025-12-15T00:56:22","date_gmt":"2025-12-15T00:56:22","guid":{"rendered":"https:\/\/ieslasalle.edu.pe\/?page_id=2294"},"modified":"2025-12-15T00:56:24","modified_gmt":"2025-12-15T00:56:24","slug":"calendario-academico","status":"publish","type":"page","link":"https:\/\/ieslasalle.edu.pe\/?page_id=2294","title":{"rendered":"Calendario Acad\u00e9mico"},"content":{"rendered":"\n<div class=\"wp-block-group is-layout-constrained wp-container-core-group-is-layout-20bea09b wp-block-group-is-layout-constrained\" style=\"padding-top:0;padding-right:0;padding-bottom:0;padding-left:0\">\n<div class=\"wp-block-group has-background is-layout-constrained wp-container-core-group-is-layout-a828dc13 wp-block-group-is-layout-constrained\" style=\"background-color:#8b0000;padding-top:80px;padding-right:20px;padding-bottom:80px;padding-left:20px\">\n<h2 class=\"wp-block-heading has-text-align-center has-text-color\" style=\"color:#ffffff;font-size:40px;letter-spacing:2px;text-transform:uppercase\">\ud83d\udcc5 Calendario Acad\u00e9mico 2025<\/h2>\n\n\n\n<p class=\"has-text-align-center has-text-color wp-block-paragraph\" style=\"color:#ffcccc;font-size:18px\">Planificaci\u00f3n oficial de actividades lectivas y administrativas del IESTP Sangarar\u00e1.<\/p>\n<\/div>\n\n\n\n<div class=\"wp-block-group has-background is-layout-constrained wp-block-group-is-layout-constrained\" style=\"background-color:#f0f0f0;padding-top:20px;padding-bottom:20px\">\n<div class=\"wp-block-columns are-vertically-aligned-center is-layout-flex wp-container-core-columns-is-layout-8f761849 wp-block-columns-is-layout-flex\">\n<div class=\"wp-block-column is-vertically-aligned-center is-layout-flow wp-block-column-is-layout-flow\" style=\"flex-basis:70%\">\n<p class=\"wp-block-paragraph\" style=\"font-size:16px\"><strong>Documento Oficial:<\/strong> Resoluci\u00f3n Directoral N\u00b0 045-2025-IESTP-S<\/p>\n<\/div>\n\n\n\n<div class=\"wp-block-column is-vertically-aligned-center is-layout-flow wp-block-column-is-layout-flow\" style=\"flex-basis:30%\">\n<div class=\"wp-block-buttons is-content-justification-right is-layout-flex wp-container-core-buttons-is-layout-89b4c9e9 wp-block-buttons-is-layout-flex\">\n<div class=\"wp-block-button is-style-fill\"><a class=\"wp-block-button__link has-text-color has-background wp-element-button\" style=\"color:#ffffff;background-color:#333333\">\u2b07 Descargar PDF<\/a><\/div>\n<\/div>\n<\/div>\n<\/div>\n<\/div>\n\n\n\n<div style=\"height:50px\" aria-hidden=\"true\" class=\"wp-block-spacer\"><\/div>\n\n\n\n<div class=\"wp-block-group is-layout-constrained wp-block-group-is-layout-constrained\">\n<h2 class=\"wp-block-heading has-text-color\" style=\"border-bottom-color:#003366;border-bottom-width:2px;color:#003366;font-size:28px\">Periodo Acad\u00e9mico 2025 &#8211; I<\/h2>\n\n\n\n<figure class=\"wp-block-table is-style-stripes\" style=\"font-size:16px\"><table class=\"has-fixed-layout\"><thead><tr><th>ACTIVIDAD<\/th><th>FECHAS PROGRAMADAS<\/th><\/tr><\/thead><tbody><tr><td><strong>Matr\u00edcula Regular<\/strong><\/td><td>Del 01 al 15 de Marzo<\/td><\/tr><tr><td>Matr\u00edcula Extempor\u00e1nea<\/td><td>Del 16 al 20 de Marzo<\/td><\/tr><tr><td><strong>Inicio de Clases<\/strong><\/td><td><span style=\"color:#b22222\"><strong>24 de Marzo<\/strong><\/span><\/td><\/tr><tr><td>Evaluaci\u00f3n de Recuperaci\u00f3n<\/td><td>Julio 2025<\/td><\/tr><tr><td>Finalizaci\u00f3n del Semestre<\/td><td>31 de Julio<\/td><\/tr><\/tbody><\/table><\/figure>\n<\/div>\n\n\n\n<div style=\"height:40px\" aria-hidden=\"true\" class=\"wp-block-spacer\"><\/div>\n\n\n\n<div class=\"wp-block-cover alignfull is-light\"><img fetchpriority=\"high\" decoding=\"async\" width=\"1024\" height=\"559\" class=\"wp-block-cover__image-background wp-image-2296 size-full\" alt=\"\" src=\"https:\/\/ieslasalle.edu.pe\/wp-content\/uploads\/2025\/12\/2.-Imagen-Destacada-Director-General-4.jpg\" data-object-fit=\"cover\" srcset=\"https:\/\/ieslasalle.edu.pe\/wp-content\/uploads\/2025\/12\/2.-Imagen-Destacada-Director-General-4.jpg 1024w, https:\/\/ieslasalle.edu.pe\/wp-content\/uploads\/2025\/12\/2.-Imagen-Destacada-Director-General-4-300x164.jpg 300w, https:\/\/ieslasalle.edu.pe\/wp-content\/uploads\/2025\/12\/2.-Imagen-Destacada-Director-General-4-768x419.jpg 768w, https:\/\/ieslasalle.edu.pe\/wp-content\/uploads\/2025\/12\/2.-Imagen-Destacada-Director-General-4-770x420.jpg 770w\" sizes=\"(max-width: 1024px) 100vw, 1024px\" \/><span aria-hidden=\"true\" class=\"wp-block-cover__background has-background-dim\" style=\"background-color:#978072\"><\/span><div class=\"wp-block-cover__inner-container is-layout-flow wp-block-cover-is-layout-flow\">\n<p class=\"has-text-align-center wp-block-paragraph\" style=\"font-size:24px;font-style:italic;font-weight:100\">\u00abLa organizaci\u00f3n y la puntualidad son la base de la excelencia profesional.\u00bb<\/p>\n<\/div><\/div>\n\n\n\n<div style=\"height:40px\" aria-hidden=\"true\" class=\"wp-block-spacer\"><\/div>\n\n\n\n<div class=\"wp-block-group is-layout-constrained wp-block-group-is-layout-constrained\">\n<h2 class=\"wp-block-heading has-text-color\" style=\"border-bottom-color:#8b0000;border-bottom-width:2px;color:#8b0000;font-size:28px\">Periodo Acad\u00e9mico 2025 &#8211; II<\/h2>\n\n\n\n<figure class=\"wp-block-table is-style-stripes\" style=\"font-size:16px\"><table class=\"has-fixed-layout\"><thead><tr><th>ACTIVIDAD<\/th><th>FECHAS PROGRAMADAS<\/th><\/tr><\/thead><tbody><tr><td><strong>Matr\u00edcula Regular<\/strong><\/td><td>Del 10 al 20 de Agosto<\/td><\/tr><tr><td><strong>Inicio de Clases<\/strong><\/td><td><span style=\"color:#003366\"><strong>25 de Agosto<\/strong><\/span><\/td><\/tr><tr><td>Semana T\u00e9cnica<\/td><td>Septiembre 2025<\/td><\/tr><tr><td>Evaluaci\u00f3n de Recuperaci\u00f3n<\/td><td>Diciembre 2025<\/td><\/tr><tr><td>Finalizaci\u00f3n del Semestre<\/td><td>31 de Diciembre<\/td><\/tr><\/tbody><\/table><\/figure>\n<\/div>\n\n\n\n<div style=\"height:50px\" aria-hidden=\"true\" class=\"wp-block-spacer\"><\/div>\n\n\n\n<div class=\"wp-block-group has-background is-layout-constrained wp-block-group-is-layout-constrained\" style=\"background-color:#f9f9f9;padding-top:40px;padding-bottom:40px\">\n<h3 class=\"wp-block-heading has-text-align-center has-text-color\" style=\"color:#333333\">D\u00edas Feriados y No Laborables<\/h3>\n\n\n\n<details class=\"wp-block-details has-border-color is-layout-flow wp-block-details-is-layout-flow\" style=\"border-color:#cccccc;border-style:solid;border-width:1px;padding-top:10px;padding-right:10px;padding-bottom:10px;padding-left:10px\"><summary>Ver lista de feriados oficiales<\/summary>\n<p class=\"wp-block-paragraph\">1 de Mayo (D\u00eda del Trabajo), 24 de Junio (Inti Raymi \/ D\u00eda del Campesino), 28 y 29 de Julio (Fiestas Patrias), 1 de Noviembre (Todos los Santos), 8 de Diciembre (Inmaculada Concepci\u00f3n).<\/p>\n<\/details>\n<\/div>\n<\/div>\n\n\n\n<p class=\"wp-block-paragraph\"><\/p>\n","protected":false},"excerpt":{"rendered":"<p>\ud83d\udcc5 Calendario Acad\u00e9mico 2025 Planificaci\u00f3n oficial de actividades lectivas y administrativas del IESTP Sangarar\u00e1. Documento Oficial: Resoluci\u00f3n Directoral N\u00b0 045-2025-IESTP-S Periodo Acad\u00e9mico 2025 &#8211; I ACTIVIDAD FECHAS PROGRAMADAS Matr\u00edcula Regular Del 01 al 15 de Marzo Matr\u00edcula Extempor\u00e1nea Del 16 al 20 de Marzo Inicio de Clases 24 de Marzo Evaluaci\u00f3n de Recuperaci\u00f3n Julio 2025 Finalizaci\u00f3n del Semestre 31 de Julio Periodo Acad\u00e9mico 2025 &#8211; II ACTIVIDAD FECHAS PROGRAMADAS Matr\u00edcula[&hellip;]<\/p>\n","protected":false},"author":1,"featured_media":2295,"parent":0,"menu_order":0,"comment_status":"closed","ping_status":"closed","template":"","meta":{"footnotes":""},"class_list":["post-2294","page","type-page","status-publish","has-post-thumbnail","hentry"],"_links":{"self":[{"href":"https:\/\/ieslasalle.edu.pe\/index.php?rest_route=\/wp\/v2\/pages\/2294","targetHints":{"allow":["GET"]}}],"collection":[{"href":"https:\/\/ieslasalle.edu.pe\/index.php?rest_route=\/wp\/v2\/pages"}],"about":[{"href":"https:\/\/ieslasalle.edu.pe\/index.php?rest_route=\/wp\/v2\/types\/page"}],"author":[{"embeddable":true,"href":"https:\/\/ieslasalle.edu.pe\/index.php?rest_route=\/wp\/v2\/users\/1"}],"replies":[{"embeddable":true,"href":"https:\/\/ieslasalle.edu.pe\/index.php?rest_route=%2Fwp%2Fv2%2Fcomments&post=2294"}],"version-history":[{"count":1,"href":"https:\/\/ieslasalle.edu.pe\/index.php?rest_route=\/wp\/v2\/pages\/2294\/revisions"}],"predecessor-version":[{"id":2298,"href":"https:\/\/ieslasalle.edu.pe\/index.php?rest_route=\/wp\/v2\/pages\/2294\/revisions\/2298"}],"wp:featuredmedia":[{"embeddable":true,"href":"https:\/\/ieslasalle.edu.pe\/index.php?rest_route=\/wp\/v2\/media\/2295"}],"wp:attachment":[{"href":"https:\/\/ieslasalle.edu.pe\/index.php?rest_route=%2Fwp%2Fv2%2Fmedia&parent=2294"}],"curies":[{"name":"wp","href":"https:\/\/api.w.org\/{rel}","templated":true}]}}